{"id":530,"date":"2026-05-14T11:24:54","date_gmt":"2026-05-14T09:24:54","guid":{"rendered":"https:\/\/www.dainonni.it\/montecatini\/?page_id=530"},"modified":"2026-07-04T15:40:43","modified_gmt":"2026-07-04T13:40:43","slug":"appartamento-silvano","status":"publish","type":"page","link":"https:\/\/www.dainonni.it\/montecatini\/appartamenti\/appartamento-silvano\/","title":{"rendered":"Appartamento &#8220;Silvano&#8221;"},"content":{"rendered":"\t\t<div data-elementor-type=\"wp-page\" data-elementor-id=\"530\" class=\"elementor elementor-530\">\n\t\t\t\t<div class=\"elementor-element elementor-element-3a2e5b7 e-con-full e-flex e-con e-parent\" data-id=\"3a2e5b7\" data-element_type=\"container\" data-e-type=\"container\">\n\t\t\t\t<div class=\"elementor-element elementor-element-d636226 elementor-widget elementor-widget-shortcode\" data-id=\"d636226\" data-element_type=\"widget\" data-e-type=\"widget\" data-widget_type=\"shortcode.default\">\n\t\t\t\t\t\t\t<div class=\"elementor-shortcode\"><\/div>\n\t\t\t\t\t\t<\/div>\n\t\t\t\t<\/div>\n\t\t<div class=\"elementor-element elementor-element-f26bde0 e-con-full e-flex e-con e-parent\" data-id=\"f26bde0\" data-element_type=\"container\" data-e-type=\"container\">\n\t\t\t\t<div class=\"elementor-element elementor-element-fd817f4 elementor-widget elementor-widget-heading\" data-id=\"fd817f4\" data-element_type=\"widget\" data-e-type=\"widget\" data-widget_type=\"heading.default\">\n\t\t\t\t\t<h1 class=\"elementor-heading-title elementor-size-default\">\"Dai Nonni\" - Appartamento \"Silvano\"<\/h1>\t\t\t\t<\/div>\n\t\t\t\t<\/div>\n\t\t<div class=\"elementor-element elementor-element-020200c e-flex e-con-boxed e-con e-parent\" data-id=\"020200c\" data-element_type=\"container\" data-e-type=\"container\" data-settings=\"{&quot;background_background&quot;:&quot;classic&quot;}\">\n\t\t\t\t\t<div class=\"e-con-inner\">\n\t\t\t\t<div class=\"elementor-element elementor-element-fa446eb elementor-icon-list--layout-inline elementor-align-center elementor-list-item-link-full_width elementor-widget elementor-widget-icon-list\" data-id=\"fa446eb\" data-element_type=\"widget\" data-e-type=\"widget\" data-widget_type=\"icon-list.default\">\n\t\t\t\t\t\t\t<ul class=\"elementor-icon-list-items elementor-inline-items\">\n\t\t\t\t\t\t\t<li class=\"elementor-icon-list-item elementor-inline-item\">\n\t\t\t\t\t\t\t\t\t\t\t<span class=\"elementor-icon-list-icon\">\n\t\t\t\t\t\t\t<svg aria-hidden=\"true\" class=\"e-font-icon-svg e-fas-bed\" viewBox=\"0 0 640 512\" xmlns=\"http:\/\/www.w3.org\/2000\/svg\"><path d=\"M176 256c44.11 0 80-35.89 80-80s-35.89-80-80-80-80 35.89-80 80 35.89 80 80 80zm352-128H304c-8.84 0-16 7.16-16 16v144H64V80c0-8.84-7.16-16-16-16H16C7.16 64 0 71.16 0 80v352c0 8.84 7.16 16 16 16h32c8.84 0 16-7.16 16-16v-48h512v48c0 8.84 7.16 16 16 16h32c8.84 0 16-7.16 16-16V240c0-61.86-50.14-112-112-112z\"><\/path><\/svg>\t\t\t\t\t\t<\/span>\n\t\t\t\t\t\t\t\t\t\t<span class=\"elementor-icon-list-text\">3+1<\/span>\n\t\t\t\t\t\t\t\t\t<\/li>\n\t\t\t\t\t\t\t\t<li class=\"elementor-icon-list-item elementor-inline-item\">\n\t\t\t\t\t\t\t\t\t\t\t<span class=\"elementor-icon-list-icon\">\n\t\t\t\t\t\t\t<svg aria-hidden=\"true\" class=\"e-font-icon-svg e-fas-fire-alt\" viewBox=\"0 0 448 512\" xmlns=\"http:\/\/www.w3.org\/2000\/svg\"><path d=\"M323.56 51.2c-20.8 19.3-39.58 39.59-56.22 59.97C240.08 73.62 206.28 35.53 168 0 69.74 91.17 0 209.96 0 281.6 0 408.85 100.29 512 224 512s224-103.15 224-230.4c0-53.27-51.98-163.14-124.44-230.4zm-19.47 340.65C282.43 407.01 255.72 416 226.86 416 154.71 416 96 368.26 96 290.75c0-38.61 24.31-72.63 72.79-130.75 6.93 7.98 98.83 125.34 98.83 125.34l58.63-66.88c4.14 6.85 7.91 13.55 11.27 19.97 27.35 52.19 15.81 118.97-33.43 153.42z\"><\/path><\/svg>\t\t\t\t\t\t<\/span>\n\t\t\t\t\t\t\t\t\t\t<span class=\"elementor-icon-list-text\">Cucina open space<\/span>\n\t\t\t\t\t\t\t\t\t<\/li>\n\t\t\t\t\t\t\t\t<li class=\"elementor-icon-list-item elementor-inline-item\">\n\t\t\t\t\t\t\t\t\t\t\t<span class=\"elementor-icon-list-icon\">\n\t\t\t\t\t\t\t<svg aria-hidden=\"true\" class=\"e-font-icon-svg e-fas-bath\" viewBox=\"0 0 512 512\" xmlns=\"http:\/\/www.w3.org\/2000\/svg\"><path d=\"M32,384a95.4,95.4,0,0,0,32,71.09V496a16,16,0,0,0,16,16h32a16,16,0,0,0,16-16V480H384v16a16,16,0,0,0,16,16h32a16,16,0,0,0,16-16V455.09A95.4,95.4,0,0,0,480,384V336H32ZM496,256H80V69.25a21.26,21.26,0,0,1,36.28-15l19.27,19.26c-13.13,29.88-7.61,59.11,8.62,79.73l-.17.17A16,16,0,0,0,144,176l11.31,11.31a16,16,0,0,0,22.63,0L283.31,81.94a16,16,0,0,0,0-22.63L272,48a16,16,0,0,0-22.62,0l-.17.17c-20.62-16.23-49.83-21.75-79.73-8.62L150.22,20.28A69.25,69.25,0,0,0,32,69.25V256H16A16,16,0,0,0,0,272v16a16,16,0,0,0,16,16H496a16,16,0,0,0,16-16V272A16,16,0,0,0,496,256Z\"><\/path><\/svg>\t\t\t\t\t\t<\/span>\n\t\t\t\t\t\t\t\t\t\t<span class=\"elementor-icon-list-text\">Servizi privati<\/span>\n\t\t\t\t\t\t\t\t\t<\/li>\n\t\t\t\t\t\t\t\t<li class=\"elementor-icon-list-item elementor-inline-item\">\n\t\t\t\t\t\t\t\t\t\t\t<span class=\"elementor-icon-list-icon\">\n\t\t\t\t\t\t\t<svg aria-hidden=\"true\" class=\"e-font-icon-svg e-far-snowflake\" viewBox=\"0 0 448 512\" xmlns=\"http:\/\/www.w3.org\/2000\/svg\"><path d=\"M440.1 355.2l-39.2-23 34.1-9.3c8.4-2.3 13.4-11.1 11.1-19.6l-4.1-15.5c-2.2-8.5-10.9-13.6-19.3-11.3L343 298.2 271.2 256l71.9-42.2 79.7 21.7c8.4 2.3 17-2.8 19.3-11.3l4.1-15.5c2.2-8.5-2.7-17.3-11.1-19.6l-34.1-9.3 39.2-23c7.5-4.4 10.1-14.2 5.8-21.9l-7.9-13.9c-4.3-7.7-14-10.3-21.5-5.9l-39.2 23 9.1-34.7c2.2-8.5-2.7-17.3-11.1-19.6l-15.2-4.1c-8.4-2.3-17 2.8-19.3 11.3l-21.3 81-71.9 42.2v-84.5L306 70.4c6.1-6.2 6.1-16.4 0-22.6l-11.1-11.3c-6.1-6.2-16.1-6.2-22.2 0l-24.9 25.4V16c0-8.8-7-16-15.7-16h-15.7c-8.7 0-15.7 7.2-15.7 16v46.1l-24.9-25.4c-6.1-6.2-16.1-6.2-22.2 0L142.1 48c-6.1 6.2-6.1 16.4 0 22.6l58.3 59.3v84.5l-71.9-42.2-21.3-81c-2.2-8.5-10.9-13.6-19.3-11.3L72.7 84c-8.4 2.3-13.4 11.1-11.1 19.6l9.1 34.7-39.2-23c-7.5-4.4-17.1-1.8-21.5 5.9l-7.9 13.9c-4.3 7.7-1.8 17.4 5.8 21.9l39.2 23-34.1 9.1c-8.4 2.3-13.4 11.1-11.1 19.6L6 224.2c2.2 8.5 10.9 13.6 19.3 11.3l79.7-21.7 71.9 42.2-71.9 42.2-79.7-21.7c-8.4-2.3-17 2.8-19.3 11.3l-4.1 15.5c-2.2 8.5 2.7 17.3 11.1 19.6l34.1 9.3-39.2 23c-7.5 4.4-10.1 14.2-5.8 21.9L10 391c4.3 7.7 14 10.3 21.5 5.9l39.2-23-9.1 34.7c-2.2 8.5 2.7 17.3 11.1 19.6l15.2 4.1c8.4 2.3 17-2.8 19.3-11.3l21.3-81 71.9-42.2v84.5l-58.3 59.3c-6.1 6.2-6.1 16.4 0 22.6l11.1 11.3c6.1 6.2 16.1 6.2 22.2 0l24.9-25.4V496c0 8.8 7 16 15.7 16h15.7c8.7 0 15.7-7.2 15.7-16v-46.1l24.9 25.4c6.1 6.2 16.1 6.2 22.2 0l11.1-11.3c6.1-6.2 6.1-16.4 0-22.6l-58.3-59.3v-84.5l71.9 42.2 21.3 81c2.2 8.5 10.9 13.6 19.3 11.3L375 428c8.4-2.3 13.4-11.1 11.1-19.6l-9.1-34.7 39.2 23c7.5 4.4 17.1 1.8 21.5-5.9l7.9-13.9c4.6-7.5 2.1-17.3-5.5-21.7z\"><\/path><\/svg>\t\t\t\t\t\t<\/span>\n\t\t\t\t\t\t\t\t\t\t<span class=\"elementor-icon-list-text\">Aria condizionata<\/span>\n\t\t\t\t\t\t\t\t\t<\/li>\n\t\t\t\t\t\t\t\t<li class=\"elementor-icon-list-item elementor-inline-item\">\n\t\t\t\t\t\t\t\t\t\t\t<span class=\"elementor-icon-list-icon\">\n\t\t\t\t\t\t\t<svg aria-hidden=\"true\" class=\"e-font-icon-svg e-fas-temperature-high\" viewBox=\"0 0 512 512\" xmlns=\"http:\/\/www.w3.org\/2000\/svg\"><path d=\"M416 0c-52.9 0-96 43.1-96 96s43.1 96 96 96 96-43.1 96-96-43.1-96-96-96zm0 128c-17.7 0-32-14.3-32-32s14.3-32 32-32 32 14.3 32 32-14.3 32-32 32zm-160-16C256 50.1 205.9 0 144 0S32 50.1 32 112v166.5C12.3 303.2 0 334 0 368c0 79.5 64.5 144 144 144s144-64.5 144-144c0-34-12.3-64.9-32-89.5V112zM144 448c-44.1 0-80-35.9-80-80 0-25.5 12.2-48.9 32-63.8V112c0-26.5 21.5-48 48-48s48 21.5 48 48v192.2c19.8 14.8 32 38.3 32 63.8 0 44.1-35.9 80-80 80zm16-125.1V112c0-8.8-7.2-16-16-16s-16 7.2-16 16v210.9c-18.6 6.6-32 24.2-32 45.1 0 26.5 21.5 48 48 48s48-21.5 48-48c0-20.9-13.4-38.5-32-45.1z\"><\/path><\/svg>\t\t\t\t\t\t<\/span>\n\t\t\t\t\t\t\t\t\t\t<span class=\"elementor-icon-list-text\">Riscaldamento<\/span>\n\t\t\t\t\t\t\t\t\t<\/li>\n\t\t\t\t\t\t\t\t<li class=\"elementor-icon-list-item elementor-inline-item\">\n\t\t\t\t\t\t\t\t\t\t\t<span class=\"elementor-icon-list-icon\">\n\t\t\t\t\t\t\t<svg aria-hidden=\"true\" class=\"e-font-icon-svg e-fas-wifi\" viewBox=\"0 0 640 512\" xmlns=\"http:\/\/www.w3.org\/2000\/svg\"><path d=\"M634.91 154.88C457.74-8.99 182.19-8.93 5.09 154.88c-6.66 6.16-6.79 16.59-.35 22.98l34.24 33.97c6.14 6.1 16.02 6.23 22.4.38 145.92-133.68 371.3-133.71 517.25 0 6.38 5.85 16.26 5.71 22.4-.38l34.24-33.97c6.43-6.39 6.3-16.82-.36-22.98zM320 352c-35.35 0-64 28.65-64 64s28.65 64 64 64 64-28.65 64-64-28.65-64-64-64zm202.67-83.59c-115.26-101.93-290.21-101.82-405.34 0-6.9 6.1-7.12 16.69-.57 23.15l34.44 33.99c6 5.92 15.66 6.32 22.05.8 83.95-72.57 209.74-72.41 293.49 0 6.39 5.52 16.05 5.13 22.05-.8l34.44-33.99c6.56-6.46 6.33-17.06-.56-23.15z\"><\/path><\/svg>\t\t\t\t\t\t<\/span>\n\t\t\t\t\t\t\t\t\t\t<span class=\"elementor-icon-list-text\">Wi-Fi<\/span>\n\t\t\t\t\t\t\t\t\t<\/li>\n\t\t\t\t\t\t\t\t<li class=\"elementor-icon-list-item elementor-inline-item\">\n\t\t\t\t\t\t\t\t\t\t\t<span class=\"elementor-icon-list-icon\">\n\t\t\t\t\t\t\t<svg aria-hidden=\"true\" class=\"e-font-icon-svg e-fas-paw\" viewBox=\"0 0 512 512\" xmlns=\"http:\/\/www.w3.org\/2000\/svg\"><path d=\"M256 224c-79.41 0-192 122.76-192 200.25 0 34.9 26.81 55.75 71.74 55.75 48.84 0 81.09-25.08 120.26-25.08 39.51 0 71.85 25.08 120.26 25.08 44.93 0 71.74-20.85 71.74-55.75C448 346.76 335.41 224 256 224zm-147.28-12.61c-10.4-34.65-42.44-57.09-71.56-50.13-29.12 6.96-44.29 40.69-33.89 75.34 10.4 34.65 42.44 57.09 71.56 50.13 29.12-6.96 44.29-40.69 33.89-75.34zm84.72-20.78c30.94-8.14 46.42-49.94 34.58-93.36s-46.52-72.01-77.46-63.87-46.42 49.94-34.58 93.36c11.84 43.42 46.53 72.02 77.46 63.87zm281.39-29.34c-29.12-6.96-61.15 15.48-71.56 50.13-10.4 34.65 4.77 68.38 33.89 75.34 29.12 6.96 61.15-15.48 71.56-50.13 10.4-34.65-4.77-68.38-33.89-75.34zm-156.27 29.34c30.94 8.14 65.62-20.45 77.46-63.87 11.84-43.42-3.64-85.21-34.58-93.36s-65.62 20.45-77.46 63.87c-11.84 43.42 3.64 85.22 34.58 93.36z\"><\/path><\/svg>\t\t\t\t\t\t<\/span>\n\t\t\t\t\t\t\t\t\t\t<span class=\"elementor-icon-list-text\">Pet friendly<\/span>\n\t\t\t\t\t\t\t\t\t<\/li>\n\t\t\t\t\t\t<\/ul>\n\t\t\t\t\t\t<\/div>\n\t\t\t\t\t<\/div>\n\t\t\t\t<\/div>\n\t\t<div class=\"elementor-element elementor-element-babff3f e-con-full e-flex e-con e-parent\" data-id=\"babff3f\" data-element_type=\"container\" data-e-type=\"container\">\n\t\t<div class=\"elementor-element elementor-element-bc17549 e-con-full e-flex e-con e-child\" data-id=\"bc17549\" data-element_type=\"container\" data-e-type=\"container\">\n\t\t\t\t<div class=\"elementor-element elementor-element-cb9b7c8 elementor-widget elementor-widget-text-editor\" data-id=\"cb9b7c8\" data-element_type=\"widget\" data-e-type=\"widget\" data-widget_type=\"text-editor.default\">\n\t\t\t\t\t\t\t\t\t<p>Nonno <strong>Silvano<\/strong> lo chiamavano \u201cBuzzino\u201d, era cacciatore e conosceva ogni sentiero delle colline intorno a Montecatini Val di Cecina.<\/p><p>Oggi porta il suo nome l&#8217;appartamento<strong>\u00a0\u201cDai Nonni\u201d a Montecatini Val di Cecina<\/strong> e\u00a0conserva quello spirito: rustico, autentico, con camino funzionale \u2014 unico nel borgo \u2014 letto in ottone e mobilio in legno. Fuori, le colline della Val di Cecina.<\/p><p><strong>3+1 posti letto<\/strong> (letto matrimoniale, letto singolo e divano letto ad i posto).\u00a0Accendi il camino. La legna \u00e8 gi\u00e0 dentro. Versa un Montescudaio DOC. \u201cLa Terrazza sul Borgo\u201d, che offre uno sconto ai nostri ospiti, \u00e8 a 2 minuti per la cena. \u00c8 cos\u00ec che si vive la Toscana vera.<\/p>\t\t\t\t\t\t\t\t<\/div>\n\t\t\t\t<\/div>\n\t\t<div class=\"elementor-element elementor-element-2f2d11a e-con-full e-flex e-con e-child\" data-id=\"2f2d11a\" data-element_type=\"container\" data-e-type=\"container\">\n\t\t\t\t<div class=\"elementor-element elementor-element-6888aa4 elementor-widget elementor-widget-image\" data-id=\"6888aa4\" data-element_type=\"widget\" data-e-type=\"widget\" data-widget_type=\"image.default\">\n\t\t\t\t\t\t\t\t\t\t\t\t\t\t\t<img fetchpriority=\"high\" decoding=\"async\" width=\"1024\" height=\"683\" src=\"https:\/\/www.dainonni.it\/montecatini\/wp-content\/uploads\/2026\/05\/bb-dai-nonni-appartamento-silvano-montecatini-valdicecina-area-1024x683.jpg\" class=\"attachment-large size-large wp-image-539\" alt=\"\" srcset=\"https:\/\/www.dainonni.it\/montecatini\/wp-content\/uploads\/2026\/05\/bb-dai-nonni-appartamento-silvano-montecatini-valdicecina-area-1024x683.jpg 1024w, https:\/\/www.dainonni.it\/montecatini\/wp-content\/uploads\/2026\/05\/bb-dai-nonni-appartamento-silvano-montecatini-valdicecina-area-300x200.jpg 300w, https:\/\/www.dainonni.it\/montecatini\/wp-content\/uploads\/2026\/05\/bb-dai-nonni-appartamento-silvano-montecatini-valdicecina-area-768x512.jpg 768w, https:\/\/www.dainonni.it\/montecatini\/wp-content\/uploads\/2026\/05\/bb-dai-nonni-appartamento-silvano-montecatini-valdicecina-area-930x620.jpg 930w, https:\/\/www.dainonni.it\/montecatini\/wp-content\/uploads\/2026\/05\/bb-dai-nonni-appartamento-silvano-montecatini-valdicecina-area.jpg 1200w\" sizes=\"(max-width: 1024px) 100vw, 1024px\" \/>\t\t\t\t\t\t\t\t\t\t\t\t\t\t\t<\/div>\n\t\t\t\t<\/div>\n\t\t\t\t<\/div>\n\t\t<div class=\"elementor-element elementor-element-fd223ae e-con-full e-flex e-con e-parent\" data-id=\"fd223ae\" data-element_type=\"container\" data-e-type=\"container\">\n\t\t<div class=\"elementor-element elementor-element-a97ae29 e-con-full e-flex e-con e-child\" data-id=\"a97ae29\" data-element_type=\"container\" data-e-type=\"container\">\n\t\t\t\t<div class=\"elementor-element elementor-element-9abc664 elementor-widget elementor-widget-heading\" data-id=\"9abc664\" data-element_type=\"widget\" data-e-type=\"widget\" data-widget_type=\"heading.default\">\n\t\t\t\t\t<h2 class=\"elementor-heading-title elementor-size-default\">Per coppie \u2014 Appartamento romantico Toscana<\/h2>\t\t\t\t<\/div>\n\t\t\t\t<div class=\"elementor-element elementor-element-f2c5a2a elementor-widget elementor-widget-text-editor\" data-id=\"f2c5a2a\" data-element_type=\"widget\" data-e-type=\"widget\" data-widget_type=\"text-editor.default\">\n\t\t\t\t\t\t\t\t\t<p>Anche per due persone, l\u2019<strong>Appartamento \u201cRina\u201d<\/strong> ha tutto quello che serve per un weekend romantico in Toscana: spazio, privacy, cucina per preparare i pasti insieme, borgo medievale intatto fuori dalla porta.<\/p><p>A 15 minuti da Volterra, lontani dalla folla, nel silenzio delle colline della Val di Cecina.<\/p><p>Perfetto per un anniversario in Toscana, una <strong>fuga romantica<\/strong>, un ponte fuori stagione. <a href=\"https:\/\/www.dainonni.it\/montecatini\/prenotazione\/\" target=\"_blank\" rel=\"noopener\">Prenotate direttamente sul sito dainonni.it<\/a> e risparmiate il costo delle commissioni sulle piattaforme.<\/p>\t\t\t\t\t\t\t\t<\/div>\n\t\t\t\t<\/div>\n\t\t<div class=\"elementor-element elementor-element-5ea437d e-con-full e-flex e-con e-child\" data-id=\"5ea437d\" data-element_type=\"container\" data-e-type=\"container\">\n\t\t\t\t<div class=\"elementor-element elementor-element-425aa81 elementor-widget elementor-widget-image\" data-id=\"425aa81\" data-element_type=\"widget\" data-e-type=\"widget\" data-widget_type=\"image.default\">\n\t\t\t\t\t\t\t\t\t\t\t\t\t\t\t<img decoding=\"async\" width=\"1024\" height=\"683\" src=\"https:\/\/www.dainonni.it\/montecatini\/wp-content\/uploads\/2026\/05\/bb-dai-nonni-appartamento-silvano-montecatini-valdicecina-camera-marimoniale-1024x683.jpg\" class=\"attachment-large size-large wp-image-559\" alt=\"\" srcset=\"https:\/\/www.dainonni.it\/montecatini\/wp-content\/uploads\/2026\/05\/bb-dai-nonni-appartamento-silvano-montecatini-valdicecina-camera-marimoniale-1024x683.jpg 1024w, https:\/\/www.dainonni.it\/montecatini\/wp-content\/uploads\/2026\/05\/bb-dai-nonni-appartamento-silvano-montecatini-valdicecina-camera-marimoniale-300x200.jpg 300w, https:\/\/www.dainonni.it\/montecatini\/wp-content\/uploads\/2026\/05\/bb-dai-nonni-appartamento-silvano-montecatini-valdicecina-camera-marimoniale-768x512.jpg 768w, https:\/\/www.dainonni.it\/montecatini\/wp-content\/uploads\/2026\/05\/bb-dai-nonni-appartamento-silvano-montecatini-valdicecina-camera-marimoniale-930x620.jpg 930w, https:\/\/www.dainonni.it\/montecatini\/wp-content\/uploads\/2026\/05\/bb-dai-nonni-appartamento-silvano-montecatini-valdicecina-camera-marimoniale.jpg 1200w\" sizes=\"(max-width: 1024px) 100vw, 1024px\" \/>\t\t\t\t\t\t\t\t\t\t\t\t\t\t\t<\/div>\n\t\t\t\t<\/div>\n\t\t\t\t<\/div>\n\t\t<div class=\"elementor-element elementor-element-393ca7f e-con-full e-flex e-con e-parent\" data-id=\"393ca7f\" data-element_type=\"container\" data-e-type=\"container\">\n\t\t<div class=\"elementor-element elementor-element-c15c01b e-con-full e-flex e-con e-child\" data-id=\"c15c01b\" data-element_type=\"container\" data-e-type=\"container\">\n\t\t\t\t<div class=\"elementor-element elementor-element-dcd9895 elementor-widget elementor-widget-heading\" data-id=\"dcd9895\" data-element_type=\"widget\" data-e-type=\"widget\" data-widget_type=\"heading.default\">\n\t\t\t\t\t<h2 class=\"elementor-heading-title elementor-size-default\">Per famiglie \u2014 dove dormire con i bambini<\/h2>\t\t\t\t<\/div>\n\t\t\t\t<div class=\"elementor-element elementor-element-61f0238 elementor-widget elementor-widget-text-editor\" data-id=\"61f0238\" data-element_type=\"widget\" data-e-type=\"widget\" data-widget_type=\"text-editor.default\">\n\t\t\t\t\t\t\t\t\t<p>Con <strong>3+2 posti letto<\/strong>, cucina completa, lavatrice e lavastoviglie, Rina \u00e8 un apprtartamento<strong>\u00a0&#8220;Dai Nonni&#8221; family-friendly<\/strong> che le famiglie cercano in Toscana: autonomia, spazio per i bambini, ambiente sicuro e tranquillo. Montecatini Val di Cecina \u00e8 un borgo dove si pu\u00f2 ancora lasciare giocare i bambini in piazza.<br \/>La cucina open space vi permette di gestire i pasti in libert\u00e0.<\/p><p>Per le sere di riposo accanto agli Appartamenti \u201cDai Nonni\u201d vi aspetta il nostro <strong>Ristorante \u201cLa Terrazza sul Borgo\u201d<\/strong>, dove nonna Licia cucina pasta fresca fatta a mano, pappardelle di selvaggina, piatti della cucina toscana vera. Ai nostri ospiti \u00e8 offerto uno sconto.\u00a0<\/p>\t\t\t\t\t\t\t\t<\/div>\n\t\t\t\t<\/div>\n\t\t\t\t<\/div>\n\t\t<div class=\"elementor-element elementor-element-44f8717 e-flex e-con-boxed e-con e-parent\" data-id=\"44f8717\" data-element_type=\"container\" data-e-type=\"container\">\n\t\t\t\t\t<div class=\"e-con-inner\">\n\t\t\t\t<div class=\"elementor-element elementor-element-65e6f64 elementor-align-center elementor-widget elementor-widget-button\" data-id=\"65e6f64\" data-element_type=\"widget\" data-e-type=\"widget\" data-widget_type=\"button.default\">\n\t\t\t\t\t\t\t\t\t\t<a class=\"elementor-button elementor-button-link elementor-size-sm\" href=\"https:\/\/www.dainonni.it\/montecatini\/prenotazione\/\">\n\t\t\t\t\t\t<span class=\"elementor-button-content-wrapper\">\n\t\t\t\t\t\t<span class=\"elementor-button-icon\">\n\t\t\t\t<svg aria-hidden=\"true\" class=\"e-font-icon-svg e-fas-arrow-alt-circle-right\" viewBox=\"0 0 512 512\" xmlns=\"http:\/\/www.w3.org\/2000\/svg\"><path d=\"M256 8c137 0 248 111 248 248S393 504 256 504 8 393 8 256 119 8 256 8zM140 300h116v70.9c0 10.7 13 16.1 20.5 8.5l114.3-114.9c4.7-4.7 4.7-12.2 0-16.9l-114.3-115c-7.6-7.6-20.5-2.2-20.5 8.5V212H140c-6.6 0-12 5.4-12 12v64c0 6.6 5.4 12 12 12z\"><\/path><\/svg>\t\t\t<\/span>\n\t\t\t\t\t\t\t\t\t<span class=\"elementor-button-text\">Prenota il tuo soggiorno!<\/span>\n\t\t\t\t\t<\/span>\n\t\t\t\t\t<\/a>\n\t\t\t\t\t\t\t\t<\/div>\n\t\t\t\t\t<\/div>\n\t\t\t\t<\/div>\n\t\t<div class=\"elementor-element elementor-element-6400344 e-con-full e-flex e-con e-parent\" data-id=\"6400344\" data-element_type=\"container\" data-e-type=\"container\">\n\t\t\t\t<div class=\"elementor-element elementor-element-9d4c176 elementor-widget elementor-widget-heading\" data-id=\"9d4c176\" data-element_type=\"widget\" data-e-type=\"widget\" data-widget_type=\"heading.default\">\n\t\t\t\t\t<h2 class=\"elementor-heading-title elementor-size-default\">\u2014 Soggiorno e cucina - grande caminetto<\/h2>\t\t\t\t<\/div>\n\t\t\t\t<div class=\"elementor-element elementor-element-c26400b gallery-spacing-custom elementor-widget elementor-widget-image-gallery\" data-id=\"c26400b\" data-element_type=\"widget\" data-e-type=\"widget\" data-widget_type=\"image-gallery.default\">\n\t\t\t\t\t\t\t<div class=\"elementor-image-gallery\">\n\t\t\t<div id='gallery-1' class='gallery galleryid-530 gallery-columns-6 gallery-size-thumbnail'><figure class='gallery-item'>\n\t\t\t<div class='gallery-icon landscape'>\n\t\t\t\t<a data-elementor-open-lightbox=\"yes\" data-elementor-lightbox-slideshow=\"c26400b\" data-elementor-lightbox-title=\"b&amp;b-dai-nonni-appartamento-silvano-montecatini-valdicecina-cucina\" data-e-action-hash=\"#elementor-action%3Aaction%3Dlightbox%26settings%3DeyJpZCI6NTQxLCJ1cmwiOiJodHRwczpcL1wvd3d3LmRhaW5vbm5pLml0XC9tb250ZWNhdGluaVwvd3AtY29udGVudFwvdXBsb2Fkc1wvMjAyNlwvMDVcL2JiLWRhaS1ub25uaS1hcHBhcnRhbWVudG8tc2lsdmFuby1tb250ZWNhdGluaS12YWxkaWNlY2luYS1jdWNpbmEuanBnIiwic2xpZGVzaG93IjoiYzI2NDAwYiJ9\" href='https:\/\/www.dainonni.it\/montecatini\/wp-content\/uploads\/2026\/05\/bb-dai-nonni-appartamento-silvano-montecatini-valdicecina-cucina.jpg'><img decoding=\"async\" width=\"350\" height=\"300\" src=\"https:\/\/www.dainonni.it\/montecatini\/wp-content\/uploads\/2026\/05\/bb-dai-nonni-appartamento-silvano-montecatini-valdicecina-cucina-350x300.jpg\" class=\"attachment-thumbnail size-thumbnail\" alt=\"\" \/><\/a>\n\t\t\t<\/div><\/figure><figure class='gallery-item'>\n\t\t\t<div class='gallery-icon landscape'>\n\t\t\t\t<a data-elementor-open-lightbox=\"yes\" data-elementor-lightbox-slideshow=\"c26400b\" data-elementor-lightbox-title=\"b&amp;b-dai-nonni-appartamento-silvano-zona-cucina\" data-e-action-hash=\"#elementor-action%3Aaction%3Dlightbox%26settings%3DeyJpZCI6NTQ5LCJ1cmwiOiJodHRwczpcL1wvd3d3LmRhaW5vbm5pLml0XC9tb250ZWNhdGluaVwvd3AtY29udGVudFwvdXBsb2Fkc1wvMjAyNlwvMDVcL2JiLWRhaS1ub25uaS1hcHBhcnRhbWVudG8tc2lsdmFuby16b25hLWN1Y2luYS5qcGciLCJzbGlkZXNob3ciOiJjMjY0MDBiIn0%3D\" href='https:\/\/www.dainonni.it\/montecatini\/wp-content\/uploads\/2026\/05\/bb-dai-nonni-appartamento-silvano-zona-cucina.jpg'><img loading=\"lazy\" decoding=\"async\" width=\"350\" height=\"300\" src=\"https:\/\/www.dainonni.it\/montecatini\/wp-content\/uploads\/2026\/05\/bb-dai-nonni-appartamento-silvano-zona-cucina-350x300.jpg\" class=\"attachment-thumbnail size-thumbnail\" alt=\"\" \/><\/a>\n\t\t\t<\/div><\/figure><figure class='gallery-item'>\n\t\t\t<div class='gallery-icon landscape'>\n\t\t\t\t<a data-elementor-open-lightbox=\"yes\" data-elementor-lightbox-slideshow=\"c26400b\" data-elementor-lightbox-title=\"b&amp;b-dai-nonni-appartamento-silvano-piano-cottura\" data-e-action-hash=\"#elementor-action%3Aaction%3Dlightbox%26settings%3DeyJpZCI6NTQ2LCJ1cmwiOiJodHRwczpcL1wvd3d3LmRhaW5vbm5pLml0XC9tb250ZWNhdGluaVwvd3AtY29udGVudFwvdXBsb2Fkc1wvMjAyNlwvMDVcL2JiLWRhaS1ub25uaS1hcHBhcnRhbWVudG8tc2lsdmFuby1waWFuby1jb3R0dXJhLmpwZyIsInNsaWRlc2hvdyI6ImMyNjQwMGIifQ%3D%3D\" href='https:\/\/www.dainonni.it\/montecatini\/wp-content\/uploads\/2026\/05\/bb-dai-nonni-appartamento-silvano-piano-cottura.jpg'><img loading=\"lazy\" decoding=\"async\" width=\"350\" height=\"300\" src=\"https:\/\/www.dainonni.it\/montecatini\/wp-content\/uploads\/2026\/05\/bb-dai-nonni-appartamento-silvano-piano-cottura-350x300.jpg\" class=\"attachment-thumbnail size-thumbnail\" alt=\"\" \/><\/a>\n\t\t\t<\/div><\/figure><figure class='gallery-item'>\n\t\t\t<div class='gallery-icon landscape'>\n\t\t\t\t<a data-elementor-open-lightbox=\"yes\" data-elementor-lightbox-slideshow=\"c26400b\" data-elementor-lightbox-title=\"b&amp;b-dai-nonni-appartamento-silvano-lavello\" data-e-action-hash=\"#elementor-action%3Aaction%3Dlightbox%26settings%3DeyJpZCI6NTM3LCJ1cmwiOiJodHRwczpcL1wvd3d3LmRhaW5vbm5pLml0XC9tb250ZWNhdGluaVwvd3AtY29udGVudFwvdXBsb2Fkc1wvMjAyNlwvMDVcL2JiLWRhaS1ub25uaS1hcHBhcnRhbWVudG8tc2lsdmFuby1sYXZlbGxvLmpwZyIsInNsaWRlc2hvdyI6ImMyNjQwMGIifQ%3D%3D\" href='https:\/\/www.dainonni.it\/montecatini\/wp-content\/uploads\/2026\/05\/bb-dai-nonni-appartamento-silvano-lavello.jpg'><img loading=\"lazy\" decoding=\"async\" width=\"350\" height=\"300\" src=\"https:\/\/www.dainonni.it\/montecatini\/wp-content\/uploads\/2026\/05\/bb-dai-nonni-appartamento-silvano-lavello-350x300.jpg\" class=\"attachment-thumbnail size-thumbnail\" alt=\"\" \/><\/a>\n\t\t\t<\/div><\/figure><figure class='gallery-item'>\n\t\t\t<div class='gallery-icon landscape'>\n\t\t\t\t<a data-elementor-open-lightbox=\"yes\" data-elementor-lightbox-slideshow=\"c26400b\" data-elementor-lightbox-title=\"b&amp;b-dai-nonni-appartamento-silvano-cucina\" data-e-action-hash=\"#elementor-action%3Aaction%3Dlightbox%26settings%3DeyJpZCI6NTM1LCJ1cmwiOiJodHRwczpcL1wvd3d3LmRhaW5vbm5pLml0XC9tb250ZWNhdGluaVwvd3AtY29udGVudFwvdXBsb2Fkc1wvMjAyNlwvMDVcL2JiLWRhaS1ub25uaS1hcHBhcnRhbWVudG8tc2lsdmFuby1jdWNpbmEuanBnIiwic2xpZGVzaG93IjoiYzI2NDAwYiJ9\" href='https:\/\/www.dainonni.it\/montecatini\/wp-content\/uploads\/2026\/05\/bb-dai-nonni-appartamento-silvano-cucina.jpg'><img loading=\"lazy\" decoding=\"async\" width=\"350\" height=\"300\" src=\"https:\/\/www.dainonni.it\/montecatini\/wp-content\/uploads\/2026\/05\/bb-dai-nonni-appartamento-silvano-cucina-350x300.jpg\" class=\"attachment-thumbnail size-thumbnail\" alt=\"\" \/><\/a>\n\t\t\t<\/div><\/figure><figure class='gallery-item'>\n\t\t\t<div class='gallery-icon landscape'>\n\t\t\t\t<a data-elementor-open-lightbox=\"yes\" data-elementor-lightbox-slideshow=\"c26400b\" data-elementor-lightbox-title=\"b&amp;b-dai-nonni-appartamento-silvano-montecatini-valdicecina-area\" data-e-action-hash=\"#elementor-action%3Aaction%3Dlightbox%26settings%3DeyJpZCI6NTM5LCJ1cmwiOiJodHRwczpcL1wvd3d3LmRhaW5vbm5pLml0XC9tb250ZWNhdGluaVwvd3AtY29udGVudFwvdXBsb2Fkc1wvMjAyNlwvMDVcL2JiLWRhaS1ub25uaS1hcHBhcnRhbWVudG8tc2lsdmFuby1tb250ZWNhdGluaS12YWxkaWNlY2luYS1hcmVhLmpwZyIsInNsaWRlc2hvdyI6ImMyNjQwMGIifQ%3D%3D\" href='https:\/\/www.dainonni.it\/montecatini\/wp-content\/uploads\/2026\/05\/bb-dai-nonni-appartamento-silvano-montecatini-valdicecina-area.jpg'><img loading=\"lazy\" decoding=\"async\" width=\"350\" height=\"300\" src=\"https:\/\/www.dainonni.it\/montecatini\/wp-content\/uploads\/2026\/05\/bb-dai-nonni-appartamento-silvano-montecatini-valdicecina-area-350x300.jpg\" class=\"attachment-thumbnail size-thumbnail\" alt=\"\" \/><\/a>\n\t\t\t<\/div><\/figure><figure class='gallery-item'>\n\t\t\t<div class='gallery-icon landscape'>\n\t\t\t\t<a data-elementor-open-lightbox=\"yes\" data-elementor-lightbox-slideshow=\"c26400b\" data-elementor-lightbox-title=\"b&amp;b-dai-nonni-appartamento-silvano-montecatini-valdicecina-soggiorno\" data-e-action-hash=\"#elementor-action%3Aaction%3Dlightbox%26settings%3DeyJpZCI6NTQ0LCJ1cmwiOiJodHRwczpcL1wvd3d3LmRhaW5vbm5pLml0XC9tb250ZWNhdGluaVwvd3AtY29udGVudFwvdXBsb2Fkc1wvMjAyNlwvMDVcL2JiLWRhaS1ub25uaS1hcHBhcnRhbWVudG8tc2lsdmFuby1tb250ZWNhdGluaS12YWxkaWNlY2luYS1zb2dnaW9ybm8uanBnIiwic2xpZGVzaG93IjoiYzI2NDAwYiJ9\" href='https:\/\/www.dainonni.it\/montecatini\/wp-content\/uploads\/2026\/05\/bb-dai-nonni-appartamento-silvano-montecatini-valdicecina-soggiorno.jpg'><img loading=\"lazy\" decoding=\"async\" width=\"350\" height=\"300\" src=\"https:\/\/www.dainonni.it\/montecatini\/wp-content\/uploads\/2026\/05\/bb-dai-nonni-appartamento-silvano-montecatini-valdicecina-soggiorno-350x300.jpg\" class=\"attachment-thumbnail size-thumbnail\" alt=\"\" \/><\/a>\n\t\t\t<\/div><\/figure><figure class='gallery-item'>\n\t\t\t<div class='gallery-icon landscape'>\n\t\t\t\t<a data-elementor-open-lightbox=\"yes\" data-elementor-lightbox-slideshow=\"c26400b\" data-elementor-lightbox-title=\"b&amp;b-dai-nonni-appartamento-silvano-montecatini-valdicecina-soggiorno-cucina\" data-e-action-hash=\"#elementor-action%3Aaction%3Dlightbox%26settings%3DeyJpZCI6NTQ1LCJ1cmwiOiJodHRwczpcL1wvd3d3LmRhaW5vbm5pLml0XC9tb250ZWNhdGluaVwvd3AtY29udGVudFwvdXBsb2Fkc1wvMjAyNlwvMDVcL2JiLWRhaS1ub25uaS1hcHBhcnRhbWVudG8tc2lsdmFuby1tb250ZWNhdGluaS12YWxkaWNlY2luYS1zb2dnaW9ybm8tY3VjaW5hLmpwZyIsInNsaWRlc2hvdyI6ImMyNjQwMGIifQ%3D%3D\" href='https:\/\/www.dainonni.it\/montecatini\/wp-content\/uploads\/2026\/05\/bb-dai-nonni-appartamento-silvano-montecatini-valdicecina-soggiorno-cucina.jpg'><img loading=\"lazy\" decoding=\"async\" width=\"350\" height=\"300\" src=\"https:\/\/www.dainonni.it\/montecatini\/wp-content\/uploads\/2026\/05\/bb-dai-nonni-appartamento-silvano-montecatini-valdicecina-soggiorno-cucina-350x300.jpg\" class=\"attachment-thumbnail size-thumbnail\" alt=\"\" \/><\/a>\n\t\t\t<\/div><\/figure><figure class='gallery-item'>\n\t\t\t<div class='gallery-icon landscape'>\n\t\t\t\t<a data-elementor-open-lightbox=\"yes\" data-elementor-lightbox-slideshow=\"c26400b\" data-elementor-lightbox-title=\"b&amp;b-dai-nonni-appartamento-silvano-montecatini-valdicecina-open-space\" data-e-action-hash=\"#elementor-action%3Aaction%3Dlightbox%26settings%3DeyJpZCI6NTQzLCJ1cmwiOiJodHRwczpcL1wvd3d3LmRhaW5vbm5pLml0XC9tb250ZWNhdGluaVwvd3AtY29udGVudFwvdXBsb2Fkc1wvMjAyNlwvMDVcL2JiLWRhaS1ub25uaS1hcHBhcnRhbWVudG8tc2lsdmFuby1tb250ZWNhdGluaS12YWxkaWNlY2luYS1vcGVuLXNwYWNlLmpwZyIsInNsaWRlc2hvdyI6ImMyNjQwMGIifQ%3D%3D\" href='https:\/\/www.dainonni.it\/montecatini\/wp-content\/uploads\/2026\/05\/bb-dai-nonni-appartamento-silvano-montecatini-valdicecina-open-space.jpg'><img loading=\"lazy\" decoding=\"async\" width=\"350\" height=\"300\" src=\"https:\/\/www.dainonni.it\/montecatini\/wp-content\/uploads\/2026\/05\/bb-dai-nonni-appartamento-silvano-montecatini-valdicecina-open-space-350x300.jpg\" class=\"attachment-thumbnail size-thumbnail\" alt=\"\" \/><\/a>\n\t\t\t<\/div><\/figure><figure class='gallery-item'>\n\t\t\t<div class='gallery-icon landscape'>\n\t\t\t\t<a data-elementor-open-lightbox=\"yes\" data-elementor-lightbox-slideshow=\"c26400b\" data-elementor-lightbox-title=\"b&amp;b-dai-nonni-appartamento-silvano-montecatini-valdicecina-open\" data-e-action-hash=\"#elementor-action%3Aaction%3Dlightbox%26settings%3DeyJpZCI6NTQyLCJ1cmwiOiJodHRwczpcL1wvd3d3LmRhaW5vbm5pLml0XC9tb250ZWNhdGluaVwvd3AtY29udGVudFwvdXBsb2Fkc1wvMjAyNlwvMDVcL2JiLWRhaS1ub25uaS1hcHBhcnRhbWVudG8tc2lsdmFuby1tb250ZWNhdGluaS12YWxkaWNlY2luYS1vcGVuLmpwZyIsInNsaWRlc2hvdyI6ImMyNjQwMGIifQ%3D%3D\" href='https:\/\/www.dainonni.it\/montecatini\/wp-content\/uploads\/2026\/05\/bb-dai-nonni-appartamento-silvano-montecatini-valdicecina-open.jpg'><img loading=\"lazy\" decoding=\"async\" width=\"350\" height=\"300\" src=\"https:\/\/www.dainonni.it\/montecatini\/wp-content\/uploads\/2026\/05\/bb-dai-nonni-appartamento-silvano-montecatini-valdicecina-open-350x300.jpg\" class=\"attachment-thumbnail size-thumbnail\" alt=\"\" \/><\/a>\n\t\t\t<\/div><\/figure><figure class='gallery-item'>\n\t\t\t<div class='gallery-icon landscape'>\n\t\t\t\t<a data-elementor-open-lightbox=\"yes\" data-elementor-lightbox-slideshow=\"c26400b\" data-elementor-lightbox-title=\"b&amp;b-dai-nonni-appartamento-silvano-soggiorno\" data-e-action-hash=\"#elementor-action%3Aaction%3Dlightbox%26settings%3DeyJpZCI6NTQ3LCJ1cmwiOiJodHRwczpcL1wvd3d3LmRhaW5vbm5pLml0XC9tb250ZWNhdGluaVwvd3AtY29udGVudFwvdXBsb2Fkc1wvMjAyNlwvMDVcL2JiLWRhaS1ub25uaS1hcHBhcnRhbWVudG8tc2lsdmFuby1zb2dnaW9ybm8uanBnIiwic2xpZGVzaG93IjoiYzI2NDAwYiJ9\" href='https:\/\/www.dainonni.it\/montecatini\/wp-content\/uploads\/2026\/05\/bb-dai-nonni-appartamento-silvano-soggiorno.jpg'><img loading=\"lazy\" decoding=\"async\" width=\"350\" height=\"300\" src=\"https:\/\/www.dainonni.it\/montecatini\/wp-content\/uploads\/2026\/05\/bb-dai-nonni-appartamento-silvano-soggiorno-350x300.jpg\" class=\"attachment-thumbnail size-thumbnail\" alt=\"\" \/><\/a>\n\t\t\t<\/div><\/figure><figure class='gallery-item'>\n\t\t\t<div class='gallery-icon landscape'>\n\t\t\t\t<a data-elementor-open-lightbox=\"yes\" data-elementor-lightbox-slideshow=\"c26400b\" data-elementor-lightbox-title=\"b&amp;b-dai-nonni-appartamento-silvano-montecatini-valdicecina-area-living\" data-e-action-hash=\"#elementor-action%3Aaction%3Dlightbox%26settings%3DeyJpZCI6NTQwLCJ1cmwiOiJodHRwczpcL1wvd3d3LmRhaW5vbm5pLml0XC9tb250ZWNhdGluaVwvd3AtY29udGVudFwvdXBsb2Fkc1wvMjAyNlwvMDVcL2JiLWRhaS1ub25uaS1hcHBhcnRhbWVudG8tc2lsdmFuby1tb250ZWNhdGluaS12YWxkaWNlY2luYS1hcmVhLWxpdmluZy5qcGciLCJzbGlkZXNob3ciOiJjMjY0MDBiIn0%3D\" href='https:\/\/www.dainonni.it\/montecatini\/wp-content\/uploads\/2026\/05\/bb-dai-nonni-appartamento-silvano-montecatini-valdicecina-area-living.jpg'><img loading=\"lazy\" decoding=\"async\" width=\"350\" height=\"300\" src=\"https:\/\/www.dainonni.it\/montecatini\/wp-content\/uploads\/2026\/05\/bb-dai-nonni-appartamento-silvano-montecatini-valdicecina-area-living-350x300.jpg\" class=\"attachment-thumbnail size-thumbnail\" alt=\"\" \/><\/a>\n\t\t\t<\/div><\/figure><figure class='gallery-item'>\n\t\t\t<div class='gallery-icon landscape'>\n\t\t\t\t<a data-elementor-open-lightbox=\"yes\" data-elementor-lightbox-slideshow=\"c26400b\" data-elementor-lightbox-title=\"b&amp;b-dai-nonni-appartamento-silvano-living\" data-e-action-hash=\"#elementor-action%3Aaction%3Dlightbox%26settings%3DeyJpZCI6NTM4LCJ1cmwiOiJodHRwczpcL1wvd3d3LmRhaW5vbm5pLml0XC9tb250ZWNhdGluaVwvd3AtY29udGVudFwvdXBsb2Fkc1wvMjAyNlwvMDVcL2JiLWRhaS1ub25uaS1hcHBhcnRhbWVudG8tc2lsdmFuby1saXZpbmcuanBnIiwic2xpZGVzaG93IjoiYzI2NDAwYiJ9\" href='https:\/\/www.dainonni.it\/montecatini\/wp-content\/uploads\/2026\/05\/bb-dai-nonni-appartamento-silvano-living.jpg'><img loading=\"lazy\" decoding=\"async\" width=\"350\" height=\"300\" src=\"https:\/\/www.dainonni.it\/montecatini\/wp-content\/uploads\/2026\/05\/bb-dai-nonni-appartamento-silvano-living-350x300.jpg\" class=\"attachment-thumbnail size-thumbnail\" alt=\"\" \/><\/a>\n\t\t\t<\/div><\/figure><figure class='gallery-item'>\n\t\t\t<div class='gallery-icon landscape'>\n\t\t\t\t<a data-elementor-open-lightbox=\"yes\" data-elementor-lightbox-slideshow=\"c26400b\" data-elementor-lightbox-title=\"b&amp;b-dai-nonni-appartamento-silvano-soggiorno-living\" data-e-action-hash=\"#elementor-action%3Aaction%3Dlightbox%26settings%3DeyJpZCI6NTQ4LCJ1cmwiOiJodHRwczpcL1wvd3d3LmRhaW5vbm5pLml0XC9tb250ZWNhdGluaVwvd3AtY29udGVudFwvdXBsb2Fkc1wvMjAyNlwvMDVcL2JiLWRhaS1ub25uaS1hcHBhcnRhbWVudG8tc2lsdmFuby1zb2dnaW9ybm8tbGl2aW5nLmpwZyIsInNsaWRlc2hvdyI6ImMyNjQwMGIifQ%3D%3D\" href='https:\/\/www.dainonni.it\/montecatini\/wp-content\/uploads\/2026\/05\/bb-dai-nonni-appartamento-silvano-soggiorno-living.jpg'><img loading=\"lazy\" decoding=\"async\" width=\"350\" height=\"300\" src=\"https:\/\/www.dainonni.it\/montecatini\/wp-content\/uploads\/2026\/05\/bb-dai-nonni-appartamento-silvano-soggiorno-living-350x300.jpg\" class=\"attachment-thumbnail size-thumbnail\" alt=\"\" \/><\/a>\n\t\t\t<\/div><\/figure><figure class='gallery-item'>\n\t\t\t<div class='gallery-icon landscape'>\n\t\t\t\t<a data-elementor-open-lightbox=\"yes\" data-elementor-lightbox-slideshow=\"c26400b\" data-elementor-lightbox-title=\"b&amp;b-dai-nonni-appartamento-silvano-camino\" data-e-action-hash=\"#elementor-action%3Aaction%3Dlightbox%26settings%3DeyJpZCI6NTM0LCJ1cmwiOiJodHRwczpcL1wvd3d3LmRhaW5vbm5pLml0XC9tb250ZWNhdGluaVwvd3AtY29udGVudFwvdXBsb2Fkc1wvMjAyNlwvMDVcL2JiLWRhaS1ub25uaS1hcHBhcnRhbWVudG8tc2lsdmFuby1jYW1pbm8uanBnIiwic2xpZGVzaG93IjoiYzI2NDAwYiJ9\" href='https:\/\/www.dainonni.it\/montecatini\/wp-content\/uploads\/2026\/05\/bb-dai-nonni-appartamento-silvano-camino.jpg'><img loading=\"lazy\" decoding=\"async\" width=\"350\" height=\"300\" src=\"https:\/\/www.dainonni.it\/montecatini\/wp-content\/uploads\/2026\/05\/bb-dai-nonni-appartamento-silvano-camino-350x300.jpg\" class=\"attachment-thumbnail size-thumbnail\" alt=\"\" \/><\/a>\n\t\t\t<\/div><\/figure><figure class='gallery-item'>\n\t\t\t<div class='gallery-icon landscape'>\n\t\t\t\t<a data-elementor-open-lightbox=\"yes\" data-elementor-lightbox-slideshow=\"c26400b\" data-elementor-lightbox-title=\"b&amp;b-dai-nonni-appartamento-silvano-grande-camino\" data-e-action-hash=\"#elementor-action%3Aaction%3Dlightbox%26settings%3DeyJpZCI6NTM2LCJ1cmwiOiJodHRwczpcL1wvd3d3LmRhaW5vbm5pLml0XC9tb250ZWNhdGluaVwvd3AtY29udGVudFwvdXBsb2Fkc1wvMjAyNlwvMDVcL2JiLWRhaS1ub25uaS1hcHBhcnRhbWVudG8tc2lsdmFuby1ncmFuZGUtY2FtaW5vLmpwZyIsInNsaWRlc2hvdyI6ImMyNjQwMGIifQ%3D%3D\" href='https:\/\/www.dainonni.it\/montecatini\/wp-content\/uploads\/2026\/05\/bb-dai-nonni-appartamento-silvano-grande-camino.jpg'><img loading=\"lazy\" decoding=\"async\" width=\"350\" height=\"300\" src=\"https:\/\/www.dainonni.it\/montecatini\/wp-content\/uploads\/2026\/05\/bb-dai-nonni-appartamento-silvano-grande-camino-350x300.jpg\" class=\"attachment-thumbnail size-thumbnail\" alt=\"\" \/><\/a>\n\t\t\t<\/div><\/figure><figure class='gallery-item'>\n\t\t\t<div class='gallery-icon landscape'>\n\t\t\t\t<a data-elementor-open-lightbox=\"yes\" data-elementor-lightbox-slideshow=\"c26400b\" data-elementor-lightbox-title=\"b&amp;b-dai-nonni-appartamento-silvano-arredo\" data-e-action-hash=\"#elementor-action%3Aaction%3Dlightbox%26settings%3DeyJpZCI6NTMzLCJ1cmwiOiJodHRwczpcL1wvd3d3LmRhaW5vbm5pLml0XC9tb250ZWNhdGluaVwvd3AtY29udGVudFwvdXBsb2Fkc1wvMjAyNlwvMDVcL2JiLWRhaS1ub25uaS1hcHBhcnRhbWVudG8tc2lsdmFuby1hcnJlZG8uanBnIiwic2xpZGVzaG93IjoiYzI2NDAwYiJ9\" href='https:\/\/www.dainonni.it\/montecatini\/wp-content\/uploads\/2026\/05\/bb-dai-nonni-appartamento-silvano-arredo.jpg'><img loading=\"lazy\" decoding=\"async\" width=\"350\" height=\"300\" src=\"https:\/\/www.dainonni.it\/montecatini\/wp-content\/uploads\/2026\/05\/bb-dai-nonni-appartamento-silvano-arredo-350x300.jpg\" class=\"attachment-thumbnail size-thumbnail\" alt=\"\" \/><\/a>\n\t\t\t<\/div><\/figure>\n\t\t<\/div>\n\t\t<\/div>\n\t\t\t\t\t\t<\/div>\n\t\t\t\t<\/div>\n\t\t<div class=\"elementor-element elementor-element-7cd432e e-con-full e-flex e-con e-parent\" data-id=\"7cd432e\" data-element_type=\"container\" data-e-type=\"container\">\n\t\t\t\t<div class=\"elementor-element elementor-element-c6da33a elementor-widget elementor-widget-heading\" data-id=\"c6da33a\" data-element_type=\"widget\" data-e-type=\"widget\" data-widget_type=\"heading.default\">\n\t\t\t\t\t<h2 class=\"elementor-heading-title elementor-size-default\">\u2014 Camera matrimoniale e letto singolo<\/h2>\t\t\t\t<\/div>\n\t\t\t\t<div class=\"elementor-element elementor-element-80fea1a gallery-spacing-custom elementor-widget elementor-widget-image-gallery\" data-id=\"80fea1a\" data-element_type=\"widget\" data-e-type=\"widget\" data-widget_type=\"image-gallery.default\">\n\t\t\t\t\t\t\t<div class=\"elementor-image-gallery\">\n\t\t\t<div id='gallery-2' class='gallery galleryid-530 gallery-columns-7 gallery-size-thumbnail'><figure class='gallery-item'>\n\t\t\t<div class='gallery-icon landscape'>\n\t\t\t\t<a data-elementor-open-lightbox=\"yes\" data-elementor-lightbox-slideshow=\"80fea1a\" data-elementor-lightbox-title=\"b&amp;b-dai-nonni-appartamento-silvano-montecatini-valdicecina-camera-marimoniale\" data-e-action-hash=\"#elementor-action%3Aaction%3Dlightbox%26settings%3DeyJpZCI6NTU5LCJ1cmwiOiJodHRwczpcL1wvd3d3LmRhaW5vbm5pLml0XC9tb250ZWNhdGluaVwvd3AtY29udGVudFwvdXBsb2Fkc1wvMjAyNlwvMDVcL2JiLWRhaS1ub25uaS1hcHBhcnRhbWVudG8tc2lsdmFuby1tb250ZWNhdGluaS12YWxkaWNlY2luYS1jYW1lcmEtbWFyaW1vbmlhbGUuanBnIiwic2xpZGVzaG93IjoiODBmZWExYSJ9\" href='https:\/\/www.dainonni.it\/montecatini\/wp-content\/uploads\/2026\/05\/bb-dai-nonni-appartamento-silvano-montecatini-valdicecina-camera-marimoniale.jpg'><img loading=\"lazy\" decoding=\"async\" width=\"350\" height=\"300\" src=\"https:\/\/www.dainonni.it\/montecatini\/wp-content\/uploads\/2026\/05\/bb-dai-nonni-appartamento-silvano-montecatini-valdicecina-camera-marimoniale-350x300.jpg\" class=\"attachment-thumbnail size-thumbnail\" alt=\"\" \/><\/a>\n\t\t\t<\/div><\/figure><figure class='gallery-item'>\n\t\t\t<div class='gallery-icon landscape'>\n\t\t\t\t<a data-elementor-open-lightbox=\"yes\" data-elementor-lightbox-slideshow=\"80fea1a\" data-elementor-lightbox-title=\"b&amp;b-dai-nonni-appartamento-silvano-montecatini-valdicecina-camera-stile-rustico\" data-e-action-hash=\"#elementor-action%3Aaction%3Dlightbox%26settings%3DeyJpZCI6NTYxLCJ1cmwiOiJodHRwczpcL1wvd3d3LmRhaW5vbm5pLml0XC9tb250ZWNhdGluaVwvd3AtY29udGVudFwvdXBsb2Fkc1wvMjAyNlwvMDVcL2JiLWRhaS1ub25uaS1hcHBhcnRhbWVudG8tc2lsdmFuby1tb250ZWNhdGluaS12YWxkaWNlY2luYS1jYW1lcmEtc3RpbGUtcnVzdGljby5qcGciLCJzbGlkZXNob3ciOiI4MGZlYTFhIn0%3D\" href='https:\/\/www.dainonni.it\/montecatini\/wp-content\/uploads\/2026\/05\/bb-dai-nonni-appartamento-silvano-montecatini-valdicecina-camera-stile-rustico.jpg'><img loading=\"lazy\" decoding=\"async\" width=\"350\" height=\"300\" src=\"https:\/\/www.dainonni.it\/montecatini\/wp-content\/uploads\/2026\/05\/bb-dai-nonni-appartamento-silvano-montecatini-valdicecina-camera-stile-rustico-350x300.jpg\" class=\"attachment-thumbnail size-thumbnail\" alt=\"\" \/><\/a>\n\t\t\t<\/div><\/figure><figure class='gallery-item'>\n\t\t\t<div class='gallery-icon landscape'>\n\t\t\t\t<a data-elementor-open-lightbox=\"yes\" data-elementor-lightbox-slideshow=\"80fea1a\" data-elementor-lightbox-title=\"b&amp;b-dai-nonni-appartamento-silvano-montecatini-valdicecina-camera-singolo\" data-e-action-hash=\"#elementor-action%3Aaction%3Dlightbox%26settings%3DeyJpZCI6NTYwLCJ1cmwiOiJodHRwczpcL1wvd3d3LmRhaW5vbm5pLml0XC9tb250ZWNhdGluaVwvd3AtY29udGVudFwvdXBsb2Fkc1wvMjAyNlwvMDVcL2JiLWRhaS1ub25uaS1hcHBhcnRhbWVudG8tc2lsdmFuby1tb250ZWNhdGluaS12YWxkaWNlY2luYS1jYW1lcmEtc2luZ29sby5qcGciLCJzbGlkZXNob3ciOiI4MGZlYTFhIn0%3D\" href='https:\/\/www.dainonni.it\/montecatini\/wp-content\/uploads\/2026\/05\/bb-dai-nonni-appartamento-silvano-montecatini-valdicecina-camera-singolo.jpg'><img loading=\"lazy\" decoding=\"async\" width=\"350\" height=\"300\" src=\"https:\/\/www.dainonni.it\/montecatini\/wp-content\/uploads\/2026\/05\/bb-dai-nonni-appartamento-silvano-montecatini-valdicecina-camera-singolo-350x300.jpg\" class=\"attachment-thumbnail size-thumbnail\" alt=\"\" \/><\/a>\n\t\t\t<\/div><\/figure><figure class='gallery-item'>\n\t\t\t<div class='gallery-icon landscape'>\n\t\t\t\t<a data-elementor-open-lightbox=\"yes\" data-elementor-lightbox-slideshow=\"80fea1a\" data-elementor-lightbox-title=\"b&amp;b-dai-nonni-appartamento-silvano-montecatini-valdicecina-camera-coppia\" data-e-action-hash=\"#elementor-action%3Aaction%3Dlightbox%26settings%3DeyJpZCI6NTU3LCJ1cmwiOiJodHRwczpcL1wvd3d3LmRhaW5vbm5pLml0XC9tb250ZWNhdGluaVwvd3AtY29udGVudFwvdXBsb2Fkc1wvMjAyNlwvMDVcL2JiLWRhaS1ub25uaS1hcHBhcnRhbWVudG8tc2lsdmFuby1tb250ZWNhdGluaS12YWxkaWNlY2luYS1jYW1lcmEtY29wcGlhLmpwZyIsInNsaWRlc2hvdyI6IjgwZmVhMWEifQ%3D%3D\" href='https:\/\/www.dainonni.it\/montecatini\/wp-content\/uploads\/2026\/05\/bb-dai-nonni-appartamento-silvano-montecatini-valdicecina-camera-coppia.jpg'><img loading=\"lazy\" decoding=\"async\" width=\"350\" height=\"300\" src=\"https:\/\/www.dainonni.it\/montecatini\/wp-content\/uploads\/2026\/05\/bb-dai-nonni-appartamento-silvano-montecatini-valdicecina-camera-coppia-350x300.jpg\" class=\"attachment-thumbnail size-thumbnail\" alt=\"\" \/><\/a>\n\t\t\t<\/div><\/figure><figure class='gallery-item'>\n\t\t\t<div class='gallery-icon landscape'>\n\t\t\t\t<a data-elementor-open-lightbox=\"yes\" data-elementor-lightbox-slideshow=\"80fea1a\" data-elementor-lightbox-title=\"b&amp;b-dai-nonni-appartamento-silvano-montecatini-valdicecina-camera-letto-ottone\" data-e-action-hash=\"#elementor-action%3Aaction%3Dlightbox%26settings%3DeyJpZCI6NTU4LCJ1cmwiOiJodHRwczpcL1wvd3d3LmRhaW5vbm5pLml0XC9tb250ZWNhdGluaVwvd3AtY29udGVudFwvdXBsb2Fkc1wvMjAyNlwvMDVcL2JiLWRhaS1ub25uaS1hcHBhcnRhbWVudG8tc2lsdmFuby1tb250ZWNhdGluaS12YWxkaWNlY2luYS1jYW1lcmEtbGV0dG8tb3R0b25lLmpwZyIsInNsaWRlc2hvdyI6IjgwZmVhMWEifQ%3D%3D\" href='https:\/\/www.dainonni.it\/montecatini\/wp-content\/uploads\/2026\/05\/bb-dai-nonni-appartamento-silvano-montecatini-valdicecina-camera-letto-ottone.jpg'><img loading=\"lazy\" decoding=\"async\" width=\"350\" height=\"300\" src=\"https:\/\/www.dainonni.it\/montecatini\/wp-content\/uploads\/2026\/05\/bb-dai-nonni-appartamento-silvano-montecatini-valdicecina-camera-letto-ottone-350x300.jpg\" class=\"attachment-thumbnail size-thumbnail\" alt=\"\" \/><\/a>\n\t\t\t<\/div><\/figure><figure class='gallery-item'>\n\t\t\t<div class='gallery-icon landscape'>\n\t\t\t\t<a data-elementor-open-lightbox=\"yes\" data-elementor-lightbox-slideshow=\"80fea1a\" data-elementor-lightbox-title=\"b&amp;b-dai-nonni-appartamento-silvano-montecatini-valdicecina-camera-tripla\" data-e-action-hash=\"#elementor-action%3Aaction%3Dlightbox%26settings%3DeyJpZCI6NTYyLCJ1cmwiOiJodHRwczpcL1wvd3d3LmRhaW5vbm5pLml0XC9tb250ZWNhdGluaVwvd3AtY29udGVudFwvdXBsb2Fkc1wvMjAyNlwvMDVcL2JiLWRhaS1ub25uaS1hcHBhcnRhbWVudG8tc2lsdmFuby1tb250ZWNhdGluaS12YWxkaWNlY2luYS1jYW1lcmEtdHJpcGxhLmpwZyIsInNsaWRlc2hvdyI6IjgwZmVhMWEifQ%3D%3D\" href='https:\/\/www.dainonni.it\/montecatini\/wp-content\/uploads\/2026\/05\/bb-dai-nonni-appartamento-silvano-montecatini-valdicecina-camera-tripla.jpg'><img loading=\"lazy\" decoding=\"async\" width=\"350\" height=\"300\" src=\"https:\/\/www.dainonni.it\/montecatini\/wp-content\/uploads\/2026\/05\/bb-dai-nonni-appartamento-silvano-montecatini-valdicecina-camera-tripla-350x300.jpg\" class=\"attachment-thumbnail size-thumbnail\" alt=\"\" \/><\/a>\n\t\t\t<\/div><\/figure><figure class='gallery-item'>\n\t\t\t<div class='gallery-icon landscape'>\n\t\t\t\t<a data-elementor-open-lightbox=\"yes\" data-elementor-lightbox-slideshow=\"80fea1a\" data-elementor-lightbox-title=\"b&amp;b-dai-nonni-appartamento-silvano-camera-armadio\" data-e-action-hash=\"#elementor-action%3Aaction%3Dlightbox%26settings%3DeyJpZCI6NTUwLCJ1cmwiOiJodHRwczpcL1wvd3d3LmRhaW5vbm5pLml0XC9tb250ZWNhdGluaVwvd3AtY29udGVudFwvdXBsb2Fkc1wvMjAyNlwvMDVcL2JiLWRhaS1ub25uaS1hcHBhcnRhbWVudG8tc2lsdmFuby1jYW1lcmEtYXJtYWRpby5qcGciLCJzbGlkZXNob3ciOiI4MGZlYTFhIn0%3D\" href='https:\/\/www.dainonni.it\/montecatini\/wp-content\/uploads\/2026\/05\/bb-dai-nonni-appartamento-silvano-camera-armadio.jpg'><img loading=\"lazy\" decoding=\"async\" width=\"350\" height=\"300\" src=\"https:\/\/www.dainonni.it\/montecatini\/wp-content\/uploads\/2026\/05\/bb-dai-nonni-appartamento-silvano-camera-armadio-350x300.jpg\" class=\"attachment-thumbnail size-thumbnail\" alt=\"\" \/><\/a>\n\t\t\t<\/div><\/figure><figure class='gallery-item'>\n\t\t\t<div class='gallery-icon landscape'>\n\t\t\t\t<a data-elementor-open-lightbox=\"yes\" data-elementor-lightbox-slideshow=\"80fea1a\" data-elementor-lightbox-title=\"b&amp;b-dai-nonni-appartamento-silvano-camera-letto-ottone\" data-e-action-hash=\"#elementor-action%3Aaction%3Dlightbox%26settings%3DeyJpZCI6NTUyLCJ1cmwiOiJodHRwczpcL1wvd3d3LmRhaW5vbm5pLml0XC9tb250ZWNhdGluaVwvd3AtY29udGVudFwvdXBsb2Fkc1wvMjAyNlwvMDVcL2JiLWRhaS1ub25uaS1hcHBhcnRhbWVudG8tc2lsdmFuby1jYW1lcmEtbGV0dG8tb3R0b25lLmpwZyIsInNsaWRlc2hvdyI6IjgwZmVhMWEifQ%3D%3D\" href='https:\/\/www.dainonni.it\/montecatini\/wp-content\/uploads\/2026\/05\/bb-dai-nonni-appartamento-silvano-camera-letto-ottone.jpg'><img loading=\"lazy\" decoding=\"async\" width=\"350\" height=\"300\" src=\"https:\/\/www.dainonni.it\/montecatini\/wp-content\/uploads\/2026\/05\/bb-dai-nonni-appartamento-silvano-camera-letto-ottone-350x300.jpg\" class=\"attachment-thumbnail size-thumbnail\" alt=\"\" \/><\/a>\n\t\t\t<\/div><\/figure><figure class='gallery-item'>\n\t\t\t<div class='gallery-icon landscape'>\n\t\t\t\t<a data-elementor-open-lightbox=\"yes\" data-elementor-lightbox-slideshow=\"80fea1a\" data-elementor-lightbox-title=\"b&amp;b-dai-nonni-appartamento-silvano-letto-matrimoniale\" data-e-action-hash=\"#elementor-action%3Aaction%3Dlightbox%26settings%3DeyJpZCI6NTU2LCJ1cmwiOiJodHRwczpcL1wvd3d3LmRhaW5vbm5pLml0XC9tb250ZWNhdGluaVwvd3AtY29udGVudFwvdXBsb2Fkc1wvMjAyNlwvMDVcL2JiLWRhaS1ub25uaS1hcHBhcnRhbWVudG8tc2lsdmFuby1sZXR0by1tYXRyaW1vbmlhbGUuanBnIiwic2xpZGVzaG93IjoiODBmZWExYSJ9\" href='https:\/\/www.dainonni.it\/montecatini\/wp-content\/uploads\/2026\/05\/bb-dai-nonni-appartamento-silvano-letto-matrimoniale.jpg'><img loading=\"lazy\" decoding=\"async\" width=\"350\" height=\"300\" src=\"https:\/\/www.dainonni.it\/montecatini\/wp-content\/uploads\/2026\/05\/bb-dai-nonni-appartamento-silvano-letto-matrimoniale-350x300.jpg\" class=\"attachment-thumbnail size-thumbnail\" alt=\"\" \/><\/a>\n\t\t\t<\/div><\/figure><figure class='gallery-item'>\n\t\t\t<div class='gallery-icon landscape'>\n\t\t\t\t<a data-elementor-open-lightbox=\"yes\" data-elementor-lightbox-slideshow=\"80fea1a\" data-elementor-lightbox-title=\"b&amp;b-dai-nonni-appartamento-silvano-camera-particolare\" data-e-action-hash=\"#elementor-action%3Aaction%3Dlightbox%26settings%3DeyJpZCI6NTU0LCJ1cmwiOiJodHRwczpcL1wvd3d3LmRhaW5vbm5pLml0XC9tb250ZWNhdGluaVwvd3AtY29udGVudFwvdXBsb2Fkc1wvMjAyNlwvMDVcL2JiLWRhaS1ub25uaS1hcHBhcnRhbWVudG8tc2lsdmFuby1jYW1lcmEtcGFydGljb2xhcmUuanBnIiwic2xpZGVzaG93IjoiODBmZWExYSJ9\" href='https:\/\/www.dainonni.it\/montecatini\/wp-content\/uploads\/2026\/05\/bb-dai-nonni-appartamento-silvano-camera-particolare.jpg'><img loading=\"lazy\" decoding=\"async\" width=\"350\" height=\"300\" src=\"https:\/\/www.dainonni.it\/montecatini\/wp-content\/uploads\/2026\/05\/bb-dai-nonni-appartamento-silvano-camera-particolare-350x300.jpg\" class=\"attachment-thumbnail size-thumbnail\" alt=\"\" \/><\/a>\n\t\t\t<\/div><\/figure><figure class='gallery-item'>\n\t\t\t<div class='gallery-icon landscape'>\n\t\t\t\t<a data-elementor-open-lightbox=\"yes\" data-elementor-lightbox-slideshow=\"80fea1a\" data-elementor-lightbox-title=\"b&amp;b-dai-nonni-appartamento-silvano-camera-singolo\" data-e-action-hash=\"#elementor-action%3Aaction%3Dlightbox%26settings%3DeyJpZCI6NTU1LCJ1cmwiOiJodHRwczpcL1wvd3d3LmRhaW5vbm5pLml0XC9tb250ZWNhdGluaVwvd3AtY29udGVudFwvdXBsb2Fkc1wvMjAyNlwvMDVcL2JiLWRhaS1ub25uaS1hcHBhcnRhbWVudG8tc2lsdmFuby1jYW1lcmEtc2luZ29sby5qcGciLCJzbGlkZXNob3ciOiI4MGZlYTFhIn0%3D\" href='https:\/\/www.dainonni.it\/montecatini\/wp-content\/uploads\/2026\/05\/bb-dai-nonni-appartamento-silvano-camera-singolo.jpg'><img loading=\"lazy\" decoding=\"async\" width=\"350\" height=\"300\" src=\"https:\/\/www.dainonni.it\/montecatini\/wp-content\/uploads\/2026\/05\/bb-dai-nonni-appartamento-silvano-camera-singolo-350x300.jpg\" class=\"attachment-thumbnail size-thumbnail\" alt=\"\" \/><\/a>\n\t\t\t<\/div><\/figure><figure class='gallery-item'>\n\t\t\t<div class='gallery-icon landscape'>\n\t\t\t\t<a data-elementor-open-lightbox=\"yes\" data-elementor-lightbox-slideshow=\"80fea1a\" data-elementor-lightbox-title=\"b&amp;b-dai-nonni-appartamento-silvano-camera-comodino\" data-e-action-hash=\"#elementor-action%3Aaction%3Dlightbox%26settings%3DeyJpZCI6NTUxLCJ1cmwiOiJodHRwczpcL1wvd3d3LmRhaW5vbm5pLml0XC9tb250ZWNhdGluaVwvd3AtY29udGVudFwvdXBsb2Fkc1wvMjAyNlwvMDVcL2JiLWRhaS1ub25uaS1hcHBhcnRhbWVudG8tc2lsdmFuby1jYW1lcmEtY29tb2Rpbm8uanBnIiwic2xpZGVzaG93IjoiODBmZWExYSJ9\" href='https:\/\/www.dainonni.it\/montecatini\/wp-content\/uploads\/2026\/05\/bb-dai-nonni-appartamento-silvano-camera-comodino.jpg'><img loading=\"lazy\" decoding=\"async\" width=\"350\" height=\"300\" src=\"https:\/\/www.dainonni.it\/montecatini\/wp-content\/uploads\/2026\/05\/bb-dai-nonni-appartamento-silvano-camera-comodino-350x300.jpg\" class=\"attachment-thumbnail size-thumbnail\" alt=\"\" \/><\/a>\n\t\t\t<\/div><\/figure><figure class='gallery-item'>\n\t\t\t<div class='gallery-icon portrait'>\n\t\t\t\t<a data-elementor-open-lightbox=\"yes\" data-elementor-lightbox-slideshow=\"80fea1a\" data-elementor-lightbox-title=\"b&amp;b-dai-nonni-appartamento-silvano-specchio-fiori\" data-e-action-hash=\"#elementor-action%3Aaction%3Dlightbox%26settings%3DeyJpZCI6NTY0LCJ1cmwiOiJodHRwczpcL1wvd3d3LmRhaW5vbm5pLml0XC9tb250ZWNhdGluaVwvd3AtY29udGVudFwvdXBsb2Fkc1wvMjAyNlwvMDVcL2JiLWRhaS1ub25uaS1hcHBhcnRhbWVudG8tc2lsdmFuby1zcGVjY2hpby1maW9yaS5qcGciLCJzbGlkZXNob3ciOiI4MGZlYTFhIn0%3D\" href='https:\/\/www.dainonni.it\/montecatini\/wp-content\/uploads\/2026\/05\/bb-dai-nonni-appartamento-silvano-specchio-fiori.jpg'><img loading=\"lazy\" decoding=\"async\" width=\"350\" height=\"300\" src=\"https:\/\/www.dainonni.it\/montecatini\/wp-content\/uploads\/2026\/05\/bb-dai-nonni-appartamento-silvano-specchio-fiori-350x300.jpg\" class=\"attachment-thumbnail size-thumbnail\" alt=\"\" \/><\/a>\n\t\t\t<\/div><\/figure><figure class='gallery-item'>\n\t\t\t<div class='gallery-icon portrait'>\n\t\t\t\t<a data-elementor-open-lightbox=\"yes\" data-elementor-lightbox-slideshow=\"80fea1a\" data-elementor-lightbox-title=\"b&amp;b-dai-nonni-appartamento-silvano-specchio-camera\" data-e-action-hash=\"#elementor-action%3Aaction%3Dlightbox%26settings%3DeyJpZCI6NTYzLCJ1cmwiOiJodHRwczpcL1wvd3d3LmRhaW5vbm5pLml0XC9tb250ZWNhdGluaVwvd3AtY29udGVudFwvdXBsb2Fkc1wvMjAyNlwvMDVcL2JiLWRhaS1ub25uaS1hcHBhcnRhbWVudG8tc2lsdmFuby1zcGVjY2hpby1jYW1lcmEuanBnIiwic2xpZGVzaG93IjoiODBmZWExYSJ9\" href='https:\/\/www.dainonni.it\/montecatini\/wp-content\/uploads\/2026\/05\/bb-dai-nonni-appartamento-silvano-specchio-camera.jpg'><img loading=\"lazy\" decoding=\"async\" width=\"350\" height=\"300\" src=\"https:\/\/www.dainonni.it\/montecatini\/wp-content\/uploads\/2026\/05\/bb-dai-nonni-appartamento-silvano-specchio-camera-350x300.jpg\" class=\"attachment-thumbnail size-thumbnail\" alt=\"\" \/><\/a>\n\t\t\t<\/div><\/figure>\n\t\t<\/div>\n\t\t<\/div>\n\t\t\t\t\t\t<\/div>\n\t\t\t\t<\/div>\n\t\t<div class=\"elementor-element elementor-element-c1e76c2 e-con-full e-flex e-con e-parent\" data-id=\"c1e76c2\" data-element_type=\"container\" data-e-type=\"container\">\n\t\t\t\t<div class=\"elementor-element elementor-element-b0a934b elementor-widget elementor-widget-heading\" data-id=\"b0a934b\" data-element_type=\"widget\" data-e-type=\"widget\" data-widget_type=\"heading.default\">\n\t\t\t\t\t<h2 class=\"elementor-heading-title elementor-size-default\">\u2014 Bagno<\/h2>\t\t\t\t<\/div>\n\t\t\t\t<div class=\"elementor-element elementor-element-99694be gallery-spacing-custom elementor-widget elementor-widget-image-gallery\" data-id=\"99694be\" data-element_type=\"widget\" data-e-type=\"widget\" data-widget_type=\"image-gallery.default\">\n\t\t\t\t\t\t\t<div class=\"elementor-image-gallery\">\n\t\t\t<div id='gallery-3' class='gallery galleryid-530 gallery-columns-7 gallery-size-thumbnail'><figure class='gallery-item'>\n\t\t\t<div class='gallery-icon landscape'>\n\t\t\t\t<a data-elementor-open-lightbox=\"yes\" data-elementor-lightbox-slideshow=\"99694be\" data-elementor-lightbox-title=\"b&amp;b-dai-nonni-appartamento-silvano-bagno\" data-e-action-hash=\"#elementor-action%3Aaction%3Dlightbox%26settings%3DeyJpZCI6NTY4LCJ1cmwiOiJodHRwczpcL1wvd3d3LmRhaW5vbm5pLml0XC9tb250ZWNhdGluaVwvd3AtY29udGVudFwvdXBsb2Fkc1wvMjAyNlwvMDVcL2JiLWRhaS1ub25uaS1hcHBhcnRhbWVudG8tc2lsdmFuby1iYWduby5qcGciLCJzbGlkZXNob3ciOiI5OTY5NGJlIn0%3D\" href='https:\/\/www.dainonni.it\/montecatini\/wp-content\/uploads\/2026\/05\/bb-dai-nonni-appartamento-silvano-bagno.jpg'><img loading=\"lazy\" decoding=\"async\" width=\"350\" height=\"300\" src=\"https:\/\/www.dainonni.it\/montecatini\/wp-content\/uploads\/2026\/05\/bb-dai-nonni-appartamento-silvano-bagno-350x300.jpg\" class=\"attachment-thumbnail size-thumbnail\" alt=\"\" \/><\/a>\n\t\t\t<\/div><\/figure><figure class='gallery-item'>\n\t\t\t<div class='gallery-icon landscape'>\n\t\t\t\t<a data-elementor-open-lightbox=\"yes\" data-elementor-lightbox-slideshow=\"99694be\" data-elementor-lightbox-title=\"b&amp;b-dai-nonni-appartamento-silvano-bagno-servizi\" data-e-action-hash=\"#elementor-action%3Aaction%3Dlightbox%26settings%3DeyJpZCI6NTczLCJ1cmwiOiJodHRwczpcL1wvd3d3LmRhaW5vbm5pLml0XC9tb250ZWNhdGluaVwvd3AtY29udGVudFwvdXBsb2Fkc1wvMjAyNlwvMDVcL2JiLWRhaS1ub25uaS1hcHBhcnRhbWVudG8tc2lsdmFuby1iYWduby1zZXJ2aXppLmpwZyIsInNsaWRlc2hvdyI6Ijk5Njk0YmUifQ%3D%3D\" href='https:\/\/www.dainonni.it\/montecatini\/wp-content\/uploads\/2026\/05\/bb-dai-nonni-appartamento-silvano-bagno-servizi.jpg'><img loading=\"lazy\" decoding=\"async\" width=\"350\" height=\"300\" src=\"https:\/\/www.dainonni.it\/montecatini\/wp-content\/uploads\/2026\/05\/bb-dai-nonni-appartamento-silvano-bagno-servizi-350x300.jpg\" class=\"attachment-thumbnail size-thumbnail\" alt=\"\" \/><\/a>\n\t\t\t<\/div><\/figure><figure class='gallery-item'>\n\t\t\t<div class='gallery-icon landscape'>\n\t\t\t\t<a data-elementor-open-lightbox=\"yes\" data-elementor-lightbox-slideshow=\"99694be\" data-elementor-lightbox-title=\"b&amp;b-dai-nonni-appartamento-silvano-montecatini-valdicecina-bagno\" data-e-action-hash=\"#elementor-action%3Aaction%3Dlightbox%26settings%3DeyJpZCI6NTc0LCJ1cmwiOiJodHRwczpcL1wvd3d3LmRhaW5vbm5pLml0XC9tb250ZWNhdGluaVwvd3AtY29udGVudFwvdXBsb2Fkc1wvMjAyNlwvMDVcL2JiLWRhaS1ub25uaS1hcHBhcnRhbWVudG8tc2lsdmFuby1tb250ZWNhdGluaS12YWxkaWNlY2luYS1iYWduby5qcGciLCJzbGlkZXNob3ciOiI5OTY5NGJlIn0%3D\" href='https:\/\/www.dainonni.it\/montecatini\/wp-content\/uploads\/2026\/05\/bb-dai-nonni-appartamento-silvano-montecatini-valdicecina-bagno.jpg'><img loading=\"lazy\" decoding=\"async\" width=\"350\" height=\"300\" src=\"https:\/\/www.dainonni.it\/montecatini\/wp-content\/uploads\/2026\/05\/bb-dai-nonni-appartamento-silvano-montecatini-valdicecina-bagno-350x300.jpg\" class=\"attachment-thumbnail size-thumbnail\" alt=\"\" \/><\/a>\n\t\t\t<\/div><\/figure><figure class='gallery-item'>\n\t\t\t<div class='gallery-icon landscape'>\n\t\t\t\t<a data-elementor-open-lightbox=\"yes\" data-elementor-lightbox-slideshow=\"99694be\" data-elementor-lightbox-title=\"b&amp;b-dai-nonni-appartamento-silvano-bagno-doccia\" data-e-action-hash=\"#elementor-action%3Aaction%3Dlightbox%26settings%3DeyJpZCI6NTcwLCJ1cmwiOiJodHRwczpcL1wvd3d3LmRhaW5vbm5pLml0XC9tb250ZWNhdGluaVwvd3AtY29udGVudFwvdXBsb2Fkc1wvMjAyNlwvMDVcL2JiLWRhaS1ub25uaS1hcHBhcnRhbWVudG8tc2lsdmFuby1iYWduby1kb2NjaWEuanBnIiwic2xpZGVzaG93IjoiOTk2OTRiZSJ9\" href='https:\/\/www.dainonni.it\/montecatini\/wp-content\/uploads\/2026\/05\/bb-dai-nonni-appartamento-silvano-bagno-doccia.jpg'><img loading=\"lazy\" decoding=\"async\" width=\"350\" height=\"300\" src=\"https:\/\/www.dainonni.it\/montecatini\/wp-content\/uploads\/2026\/05\/bb-dai-nonni-appartamento-silvano-bagno-doccia-350x300.jpg\" class=\"attachment-thumbnail size-thumbnail\" alt=\"\" \/><\/a>\n\t\t\t<\/div><\/figure><figure class='gallery-item'>\n\t\t\t<div class='gallery-icon portrait'>\n\t\t\t\t<a data-elementor-open-lightbox=\"yes\" data-elementor-lightbox-slideshow=\"99694be\" data-elementor-lightbox-title=\"b&amp;b-dai-nonni-appartamento-silvano-bagno-box-doccia\" data-e-action-hash=\"#elementor-action%3Aaction%3Dlightbox%26settings%3DeyJpZCI6NTY5LCJ1cmwiOiJodHRwczpcL1wvd3d3LmRhaW5vbm5pLml0XC9tb250ZWNhdGluaVwvd3AtY29udGVudFwvdXBsb2Fkc1wvMjAyNlwvMDVcL2JiLWRhaS1ub25uaS1hcHBhcnRhbWVudG8tc2lsdmFuby1iYWduby1ib3gtZG9jY2lhLmpwZyIsInNsaWRlc2hvdyI6Ijk5Njk0YmUifQ%3D%3D\" href='https:\/\/www.dainonni.it\/montecatini\/wp-content\/uploads\/2026\/05\/bb-dai-nonni-appartamento-silvano-bagno-box-doccia.jpg'><img loading=\"lazy\" decoding=\"async\" width=\"350\" height=\"300\" src=\"https:\/\/www.dainonni.it\/montecatini\/wp-content\/uploads\/2026\/05\/bb-dai-nonni-appartamento-silvano-bagno-box-doccia-350x300.jpg\" class=\"attachment-thumbnail size-thumbnail\" alt=\"\" \/><\/a>\n\t\t\t<\/div><\/figure><figure class='gallery-item'>\n\t\t\t<div class='gallery-icon landscape'>\n\t\t\t\t<a data-elementor-open-lightbox=\"yes\" data-elementor-lightbox-slideshow=\"99694be\" data-elementor-lightbox-title=\"b&amp;b-dai-nonni-appartamento-silvano-bagno-lavandino-specchio\" data-e-action-hash=\"#elementor-action%3Aaction%3Dlightbox%26settings%3DeyJpZCI6NTcyLCJ1cmwiOiJodHRwczpcL1wvd3d3LmRhaW5vbm5pLml0XC9tb250ZWNhdGluaVwvd3AtY29udGVudFwvdXBsb2Fkc1wvMjAyNlwvMDVcL2JiLWRhaS1ub25uaS1hcHBhcnRhbWVudG8tc2lsdmFuby1iYWduby1sYXZhbmRpbm8tc3BlY2NoaW8uanBnIiwic2xpZGVzaG93IjoiOTk2OTRiZSJ9\" href='https:\/\/www.dainonni.it\/montecatini\/wp-content\/uploads\/2026\/05\/bb-dai-nonni-appartamento-silvano-bagno-lavandino-specchio.jpg'><img loading=\"lazy\" decoding=\"async\" width=\"350\" height=\"300\" src=\"https:\/\/www.dainonni.it\/montecatini\/wp-content\/uploads\/2026\/05\/bb-dai-nonni-appartamento-silvano-bagno-lavandino-specchio-350x300.jpg\" class=\"attachment-thumbnail size-thumbnail\" alt=\"\" \/><\/a>\n\t\t\t<\/div><\/figure><figure class='gallery-item'>\n\t\t\t<div class='gallery-icon landscape'>\n\t\t\t\t<a data-elementor-open-lightbox=\"yes\" data-elementor-lightbox-slideshow=\"99694be\" data-elementor-lightbox-title=\"b&amp;b-dai-nonni-appartamento-silvano-bagno-lavandino\" data-e-action-hash=\"#elementor-action%3Aaction%3Dlightbox%26settings%3DeyJpZCI6NTcxLCJ1cmwiOiJodHRwczpcL1wvd3d3LmRhaW5vbm5pLml0XC9tb250ZWNhdGluaVwvd3AtY29udGVudFwvdXBsb2Fkc1wvMjAyNlwvMDVcL2JiLWRhaS1ub25uaS1hcHBhcnRhbWVudG8tc2lsdmFuby1iYWduby1sYXZhbmRpbm8uanBnIiwic2xpZGVzaG93IjoiOTk2OTRiZSJ9\" href='https:\/\/www.dainonni.it\/montecatini\/wp-content\/uploads\/2026\/05\/bb-dai-nonni-appartamento-silvano-bagno-lavandino.jpg'><img loading=\"lazy\" decoding=\"async\" width=\"350\" height=\"300\" src=\"https:\/\/www.dainonni.it\/montecatini\/wp-content\/uploads\/2026\/05\/bb-dai-nonni-appartamento-silvano-bagno-lavandino-350x300.jpg\" class=\"attachment-thumbnail size-thumbnail\" alt=\"\" \/><\/a>\n\t\t\t<\/div><\/figure>\n\t\t<\/div>\n\t\t<\/div>\n\t\t\t\t\t\t<\/div>\n\t\t\t\t<\/div>\n\t\t<div class=\"elementor-element elementor-element-23f483e e-flex e-con-boxed e-con e-parent\" data-id=\"23f483e\" data-element_type=\"container\" data-e-type=\"container\">\n\t\t\t\t\t<div class=\"e-con-inner\">\n\t\t\t\t<div class=\"elementor-element elementor-element-69815f4 elementor-widget elementor-widget-heading\" data-id=\"69815f4\" data-element_type=\"widget\" data-e-type=\"widget\" data-widget_type=\"heading.default\">\n\t\t\t\t\t<h2 class=\"elementor-heading-title elementor-size-default\">Per i nostri ospiti lo sconto del 20% al Ristorante \"La Terrazza sul Borgo\"<\/h2>\t\t\t\t<\/div>\n\t\t\t\t<div class=\"elementor-element elementor-element-e139450 elementor-align-center elementor-widget elementor-widget-button\" data-id=\"e139450\" data-element_type=\"widget\" data-e-type=\"widget\" data-widget_type=\"button.default\">\n\t\t\t\t\t\t\t\t\t\t<a class=\"elementor-button elementor-button-link elementor-size-sm\" href=\"https:\/\/www.ristorantelaterrazzasulborgo.it\/\" target=\"_blank\" rel=\"nofollow noopener\">\n\t\t\t\t\t\t<span class=\"elementor-button-content-wrapper\">\n\t\t\t\t\t\t\t\t\t<span class=\"elementor-button-text\">Prenota il Ristorante!<\/span>\n\t\t\t\t\t<\/span>\n\t\t\t\t\t<\/a>\n\t\t\t\t\t\t\t\t<\/div>\n\t\t\t\t\t<\/div>\n\t\t\t\t<\/div>\n\t\t\t\t<\/div>\n\t\t","protected":false},"excerpt":{"rendered":"<p>&#8220;Dai Nonni&#8221; &#8211; Appartamento &#8220;Silvano&#8221; 3+1 Cucina open space Servizi privati Aria condizionata Riscaldamento Wi-Fi Pet friendly Nonno Silvano lo chiamavano \u201cBuzzino\u201d, era cacciatore e conosceva ogni sentiero delle colline intorno a Montecatini Val di Cecina. Oggi porta il suo nome l&#8217;appartamento\u00a0\u201cDai Nonni\u201d a Montecatini Val di Cecina e\u00a0conserva quello spirito: rustico, autentico, con camino&hellip;&nbsp;<a href=\"https:\/\/www.dainonni.it\/montecatini\/appartamenti\/appartamento-silvano\/\" rel=\"bookmark\"><span class=\"screen-reader-text\">Appartamento &#8220;Silvano&#8221;<\/span><\/a><\/p>\n","protected":false},"author":2,"featured_media":0,"parent":344,"menu_order":0,"comment_status":"closed","ping_status":"closed","template":"page-templates\/template-pagebuilder-full-width.php","meta":{"neve_meta_sidebar":"","neve_meta_container":"","neve_meta_enable_content_width":"off","neve_meta_content_width":100,"neve_meta_title_alignment":"","neve_meta_author_avatar":"","neve_post_elements_order":"","neve_meta_disable_header":"","neve_meta_disable_footer":"","neve_meta_disable_title":"","neve_meta_reading_time":"","footnotes":""},"class_list":["post-530","page","type-page","status-publish","hentry"],"_links":{"self":[{"href":"https:\/\/www.dainonni.it\/montecatini\/wp-json\/wp\/v2\/pages\/530","targetHints":{"allow":["GET"]}}],"collection":[{"href":"https:\/\/www.dainonni.it\/montecatini\/wp-json\/wp\/v2\/pages"}],"about":[{"href":"https:\/\/www.dainonni.it\/montecatini\/wp-json\/wp\/v2\/types\/page"}],"author":[{"embeddable":true,"href":"https:\/\/www.dainonni.it\/montecatini\/wp-json\/wp\/v2\/users\/2"}],"replies":[{"embeddable":true,"href":"https:\/\/www.dainonni.it\/montecatini\/wp-json\/wp\/v2\/comments?post=530"}],"version-history":[{"count":41,"href":"https:\/\/www.dainonni.it\/montecatini\/wp-json\/wp\/v2\/pages\/530\/revisions"}],"predecessor-version":[{"id":932,"href":"https:\/\/www.dainonni.it\/montecatini\/wp-json\/wp\/v2\/pages\/530\/revisions\/932"}],"up":[{"embeddable":true,"href":"https:\/\/www.dainonni.it\/montecatini\/wp-json\/wp\/v2\/pages\/344"}],"wp:attachment":[{"href":"https:\/\/www.dainonni.it\/montecatini\/wp-json\/wp\/v2\/media?parent=530"}],"curies":[{"name":"wp","href":"https:\/\/api.w.org\/{rel}","templated":true}]}}