{"id":286,"date":"2026-05-11T21:48:12","date_gmt":"2026-05-11T19:48:12","guid":{"rendered":"https:\/\/www.dainonni.it\/montecatini\/?page_id=286"},"modified":"2026-07-04T15:35:43","modified_gmt":"2026-07-04T13:35:43","slug":"dintorni-e-territorio","status":"publish","type":"page","link":"https:\/\/www.dainonni.it\/montecatini\/dintorni-e-territorio\/","title":{"rendered":"Dintorni e Territorio"},"content":{"rendered":"\t\t<div data-elementor-type=\"wp-page\" data-elementor-id=\"286\" class=\"elementor elementor-286\">\n\t\t\t\t<div class=\"elementor-element elementor-element-5c09c58 e-con-full e-flex e-con e-parent\" data-id=\"5c09c58\" data-element_type=\"container\" data-e-type=\"container\">\n\t\t\t\t<div class=\"elementor-element elementor-element-8f31a06 elementor-widget elementor-widget-heading\" data-id=\"8f31a06\" data-element_type=\"widget\" data-e-type=\"widget\" data-widget_type=\"heading.default\">\n\t\t\t\t\t<h1 class=\"elementor-heading-title elementor-size-default\">Cosa vedere vicino a Montecatini Val di Cecina \u2014 panoramica<\/h1>\t\t\t\t<\/div>\n\t\t\t\t<div class=\"elementor-element elementor-element-0a3994a elementor-widget-divider--view-line elementor-widget elementor-widget-divider\" data-id=\"0a3994a\" data-element_type=\"widget\" data-e-type=\"widget\" data-widget_type=\"divider.default\">\n\t\t\t\t\t\t\t<div class=\"elementor-divider\">\n\t\t\t<span class=\"elementor-divider-separator\">\n\t\t\t\t\t\t<\/span>\n\t\t<\/div>\n\t\t\t\t\t\t<\/div>\n\t\t\t\t<div class=\"elementor-element elementor-element-4249952 elementor-widget elementor-widget-text-editor\" data-id=\"4249952\" data-element_type=\"widget\" data-e-type=\"widget\" data-widget_type=\"text-editor.default\">\n\t\t\t\t\t\t\t\t\t<p>In meno di 30 minuti di auto avete accesso a un territorio che molti viaggiatori non riescono a vedere in una settimana di Toscana classica. Ecco una panoramica delle principali destinazioni<\/p>\t\t\t\t\t\t\t\t<\/div>\n\t\t\t\t<\/div>\n\t\t<div class=\"elementor-element elementor-element-88b7a0e e-con-full e-flex e-con e-parent\" data-id=\"88b7a0e\" data-element_type=\"container\" data-e-type=\"container\">\n\t\t\t\t<div class=\"elementor-element elementor-element-c374b06 elementor-widget elementor-widget-heading\" data-id=\"c374b06\" data-element_type=\"widget\" data-e-type=\"widget\" data-widget_type=\"heading.default\">\n\t\t\t\t\t<h1 class=\"elementor-heading-title elementor-size-default\">Montecatini Val di Cecina \u2014 il borgo e i suoi segreti<\/h1>\t\t\t\t<\/div>\n\t\t\t\t<div class=\"elementor-element elementor-element-0957b53 elementor-widget-divider--view-line elementor-widget elementor-widget-divider\" data-id=\"0957b53\" data-element_type=\"widget\" data-e-type=\"widget\" data-widget_type=\"divider.default\">\n\t\t\t\t\t\t\t<div class=\"elementor-divider\">\n\t\t\t<span class=\"elementor-divider-separator\">\n\t\t\t\t\t\t<\/span>\n\t\t<\/div>\n\t\t\t\t\t\t<\/div>\n\t\t\t\t<div class=\"elementor-element elementor-element-32fd101 elementor-widget elementor-widget-text-editor\" data-id=\"32fd101\" data-element_type=\"widget\" data-e-type=\"widget\" data-widget_type=\"text-editor.default\">\n\t\t\t\t\t\t\t\t\t<p>Prima di partire alla scoperta del territorio, vale la pena fermarsi nel borgo stesso. <strong>Montecatini Val di Cecina<\/strong> \u00e8 un comune medievale della provincia di Pisa, arroccato sulle Colline Metallifere a 630 metri di altitudine. Meno di 2.000 abitanti, una torre dell&#8217;XI secolo, vicoli in pietra, e sotto i vostri piedi 35 chilometri di gallerie minerarie.<\/p>\t\t\t\t\t\t\t\t<\/div>\n\t\t\t\t<\/div>\n\t\t<div class=\"elementor-element elementor-element-07af0a3 e-con-full e-flex e-con e-parent\" data-id=\"07af0a3\" data-element_type=\"container\" data-e-type=\"container\">\n\t\t<div class=\"elementor-element elementor-element-8d171e3 e-con-full e-flex e-con e-child\" data-id=\"8d171e3\" data-element_type=\"container\" data-e-type=\"container\">\n\t\t\t\t<div class=\"elementor-element elementor-element-e4ddfb2 elementor-widget elementor-widget-image\" data-id=\"e4ddfb2\" data-element_type=\"widget\" data-e-type=\"widget\" data-widget_type=\"image.default\">\n\t\t\t\t\t\t\t\t\t\t\t\t\t\t\t<img fetchpriority=\"high\" decoding=\"async\" width=\"900\" height=\"500\" src=\"https:\/\/www.dainonni.it\/montecatini\/wp-content\/uploads\/2026\/05\/bb-dai-nonni-montecatini-val-di-cecina-torre-belforti.jpg\" class=\"attachment-full size-full wp-image-323\" alt=\"\" srcset=\"https:\/\/www.dainonni.it\/montecatini\/wp-content\/uploads\/2026\/05\/bb-dai-nonni-montecatini-val-di-cecina-torre-belforti.jpg 900w, https:\/\/www.dainonni.it\/montecatini\/wp-content\/uploads\/2026\/05\/bb-dai-nonni-montecatini-val-di-cecina-torre-belforti-300x167.jpg 300w, https:\/\/www.dainonni.it\/montecatini\/wp-content\/uploads\/2026\/05\/bb-dai-nonni-montecatini-val-di-cecina-torre-belforti-768x427.jpg 768w\" sizes=\"(max-width: 900px) 100vw, 900px\" \/>\t\t\t\t\t\t\t\t\t\t\t\t\t\t\t<\/div>\n\t\t\t\t<\/div>\n\t\t<div class=\"elementor-element elementor-element-9da8745 e-con-full e-flex e-con e-child\" data-id=\"9da8745\" data-element_type=\"container\" data-e-type=\"container\">\n\t\t\t\t<div class=\"elementor-element elementor-element-f535ab5 elementor-widget elementor-widget-heading\" data-id=\"f535ab5\" data-element_type=\"widget\" data-e-type=\"widget\" data-widget_type=\"heading.default\">\n\t\t\t\t\t<h2 class=\"elementor-heading-title elementor-size-default\">\u2014 Torre dei Belforti e centro storico<\/h2>\t\t\t\t<\/div>\n\t\t\t\t<div class=\"elementor-element elementor-element-c2cea0a elementor-widget elementor-widget-text-editor\" data-id=\"c2cea0a\" data-element_type=\"widget\" data-e-type=\"widget\" data-widget_type=\"text-editor.default\">\n\t\t\t\t\t\t\t\t\t<p>La Torre dei Belforti domina il borgo dall&#8217;XI secolo. Dalla sommit\u00e0, nelle giornate limpide, si vedono le colline metallifere, le torri di San Gimignano e in alcuni momenti il mare. Il centro storico \u00e8 raggiungibile interamente a piedi: palazzo comunale, la chiesa, i vicoli medievali, la piazza dove si affaccia il nostro <a href=\"http:\/\/ristorantelaterrazzasulborgo.it\/\" target=\"_blank\" rel=\"noopener nofollow\">Ristorante \u201cLa Terrazza sul Borgo\u201d<\/a>.<\/p>\t\t\t\t\t\t\t\t<\/div>\n\t\t\t\t<\/div>\n\t\t\t\t<\/div>\n\t\t<div class=\"elementor-element elementor-element-896705d e-con-full e-flex e-con e-parent\" data-id=\"896705d\" data-element_type=\"container\" data-e-type=\"container\">\n\t\t<div class=\"elementor-element elementor-element-c27db72 e-con-full e-flex e-con e-child\" data-id=\"c27db72\" data-element_type=\"container\" data-e-type=\"container\">\n\t\t\t\t<div class=\"elementor-element elementor-element-1b513dc elementor-widget elementor-widget-image\" data-id=\"1b513dc\" data-element_type=\"widget\" data-e-type=\"widget\" data-widget_type=\"image.default\">\n\t\t\t\t\t\t\t\t\t\t\t\t\t\t\t<img decoding=\"async\" width=\"900\" height=\"500\" src=\"https:\/\/www.dainonni.it\/montecatini\/wp-content\/uploads\/2026\/05\/bb-dai-nonni-montecatini-val-di-cecina-museo-miniere.jpg\" class=\"attachment-full size-full wp-image-324\" alt=\"\" srcset=\"https:\/\/www.dainonni.it\/montecatini\/wp-content\/uploads\/2026\/05\/bb-dai-nonni-montecatini-val-di-cecina-museo-miniere.jpg 900w, https:\/\/www.dainonni.it\/montecatini\/wp-content\/uploads\/2026\/05\/bb-dai-nonni-montecatini-val-di-cecina-museo-miniere-300x167.jpg 300w, https:\/\/www.dainonni.it\/montecatini\/wp-content\/uploads\/2026\/05\/bb-dai-nonni-montecatini-val-di-cecina-museo-miniere-768x427.jpg 768w\" sizes=\"(max-width: 900px) 100vw, 900px\" \/>\t\t\t\t\t\t\t\t\t\t\t\t\t\t\t<\/div>\n\t\t\t\t<\/div>\n\t\t<div class=\"elementor-element elementor-element-c9f6e51 e-con-full e-flex e-con e-child\" data-id=\"c9f6e51\" data-element_type=\"container\" data-e-type=\"container\">\n\t\t\t\t<div class=\"elementor-element elementor-element-e9c4188 elementor-widget elementor-widget-heading\" data-id=\"e9c4188\" data-element_type=\"widget\" data-e-type=\"widget\" data-widget_type=\"heading.default\">\n\t\t\t\t\t<h2 class=\"elementor-heading-title elementor-size-default\">\u2014 Museo delle Miniere \u2014 a 1 km dagli Appartamenti \"Dai Nonni\"<\/h2>\t\t\t\t<\/div>\n\t\t\t\t<div class=\"elementor-element elementor-element-b2af6cf elementor-widget elementor-widget-text-editor\" data-id=\"b2af6cf\" data-element_type=\"widget\" data-e-type=\"widget\" data-widget_type=\"text-editor.default\">\n\t\t\t\t\t\t\t\t\t<p>A 1 chilometro dal borgo c&#8217;\u00e8 uno dei siti pi\u00f9 straordinari e meno conosciuti della Toscana: le miniere di rame di Caporciano. Nel XIX secolo erano le pi\u00f9 grandi d&#8217;Europa. Oggi sono visitabili con una guida, percorrendo le storiche gallerie sotterranee. Un&#8217;esperienza che la maggior parte dei turisti non conosce.<\/p>\t\t\t\t\t\t\t\t<\/div>\n\t\t\t\t<\/div>\n\t\t\t\t<\/div>\n\t\t<div class=\"elementor-element elementor-element-b0bbbb6 e-con-full e-flex e-con e-parent\" data-id=\"b0bbbb6\" data-element_type=\"container\" data-e-type=\"container\">\n\t\t<div class=\"elementor-element elementor-element-0de24ea e-con-full e-flex e-con e-child\" data-id=\"0de24ea\" data-element_type=\"container\" data-e-type=\"container\">\n\t\t\t\t<div class=\"elementor-element elementor-element-a310374 elementor-widget elementor-widget-image\" data-id=\"a310374\" data-element_type=\"widget\" data-e-type=\"widget\" data-widget_type=\"image.default\">\n\t\t\t\t\t\t\t\t\t\t\t\t\t\t\t<img decoding=\"async\" width=\"900\" height=\"500\" src=\"https:\/\/www.dainonni.it\/montecatini\/wp-content\/uploads\/2026\/05\/bb-dai-nonni-montecatini-val-di-cecina-volterra.jpg\" class=\"attachment-full size-full wp-image-325\" alt=\"\" srcset=\"https:\/\/www.dainonni.it\/montecatini\/wp-content\/uploads\/2026\/05\/bb-dai-nonni-montecatini-val-di-cecina-volterra.jpg 900w, https:\/\/www.dainonni.it\/montecatini\/wp-content\/uploads\/2026\/05\/bb-dai-nonni-montecatini-val-di-cecina-volterra-300x167.jpg 300w, https:\/\/www.dainonni.it\/montecatini\/wp-content\/uploads\/2026\/05\/bb-dai-nonni-montecatini-val-di-cecina-volterra-768x427.jpg 768w\" sizes=\"(max-width: 900px) 100vw, 900px\" \/>\t\t\t\t\t\t\t\t\t\t\t\t\t\t\t<\/div>\n\t\t\t\t<\/div>\n\t\t<div class=\"elementor-element elementor-element-99c3e40 e-con-full e-flex e-con e-child\" data-id=\"99c3e40\" data-element_type=\"container\" data-e-type=\"container\">\n\t\t\t\t<div class=\"elementor-element elementor-element-3a757b8 elementor-widget elementor-widget-heading\" data-id=\"3a757b8\" data-element_type=\"widget\" data-e-type=\"widget\" data-widget_type=\"heading.default\">\n\t\t\t\t\t<h2 class=\"elementor-heading-title elementor-size-default\">\u2014 Volterra \u2014 a 15 km<\/h2>\t\t\t\t<\/div>\n\t\t\t\t<div class=\"elementor-element elementor-element-3ac692b elementor-widget elementor-widget-text-editor\" data-id=\"3ac692b\" data-element_type=\"widget\" data-e-type=\"widget\" data-widget_type=\"text-editor.default\">\n\t\t\t\t\t\t\t\t\t<p>Non servono grandi giri, basta sistemarsi a Montecatini Val di Cecina e avere Volterra a portata di auto. Dormite in un borgo autentico, visitate Volterra senza fretta, tornare al borgo per cena a \u201c<a href=\"https:\/\/www.ristorantelaterrazzasulborgo.it\/\" target=\"_blank\" rel=\"noopener nofollow\">La Terrazza sul Borgo<\/a>\u201d. Costa meno, si dorme meglio, si vive di pi\u00f9.<\/p>\t\t\t\t\t\t\t\t<\/div>\n\t\t\t\t<\/div>\n\t\t\t\t<\/div>\n\t\t<div class=\"elementor-element elementor-element-3a97492 e-con-full e-flex e-con e-parent\" data-id=\"3a97492\" data-element_type=\"container\" data-e-type=\"container\">\n\t\t<div class=\"elementor-element elementor-element-425b0c6 e-con-full e-flex e-con e-child\" data-id=\"425b0c6\" data-element_type=\"container\" data-e-type=\"container\">\n\t\t\t\t<div class=\"elementor-element elementor-element-17db781 elementor-widget elementor-widget-image\" data-id=\"17db781\" data-element_type=\"widget\" data-e-type=\"widget\" data-widget_type=\"image.default\">\n\t\t\t\t\t\t\t\t\t\t\t\t\t\t\t<img loading=\"lazy\" decoding=\"async\" width=\"900\" height=\"500\" src=\"https:\/\/www.dainonni.it\/montecatini\/wp-content\/uploads\/2026\/05\/bb-dai-nonni-montecatini-val-di-cecina-montescudaio.jpg\" class=\"attachment-full size-full wp-image-339\" alt=\"\" srcset=\"https:\/\/www.dainonni.it\/montecatini\/wp-content\/uploads\/2026\/05\/bb-dai-nonni-montecatini-val-di-cecina-montescudaio.jpg 900w, https:\/\/www.dainonni.it\/montecatini\/wp-content\/uploads\/2026\/05\/bb-dai-nonni-montecatini-val-di-cecina-montescudaio-300x167.jpg 300w, https:\/\/www.dainonni.it\/montecatini\/wp-content\/uploads\/2026\/05\/bb-dai-nonni-montecatini-val-di-cecina-montescudaio-768x427.jpg 768w\" sizes=\"(max-width: 900px) 100vw, 900px\" \/>\t\t\t\t\t\t\t\t\t\t\t\t\t\t\t<\/div>\n\t\t\t\t<\/div>\n\t\t<div class=\"elementor-element elementor-element-b9630a1 e-con-full e-flex e-con e-child\" data-id=\"b9630a1\" data-element_type=\"container\" data-e-type=\"container\">\n\t\t\t\t<div class=\"elementor-element elementor-element-9dcb600 elementor-widget elementor-widget-heading\" data-id=\"9dcb600\" data-element_type=\"widget\" data-e-type=\"widget\" data-widget_type=\"heading.default\">\n\t\t\t\t\t<h2 class=\"elementor-heading-title elementor-size-default\">\u2014 Montescudaio \u2014 vino DOC e panorama<\/h2>\t\t\t\t<\/div>\n\t\t\t\t<div class=\"elementor-element elementor-element-439656c elementor-widget elementor-widget-text-editor\" data-id=\"439656c\" data-element_type=\"widget\" data-e-type=\"widget\" data-widget_type=\"text-editor.default\">\n\t\t\t\t\t\t\t\t\t<p>A 12 km da Montecatini, Montescudaio \u00e8 un borgo medievale compatto con una rocca, vicoli stretti e un panorama sulle colline che arriva fino al mare. Produce uno dei vini DOC meno conosciuti d&#8217;Italia: il Montescudaio DOC, bianco e rosso, che trovate in tavola anche al nostro Ristorante. Mezza giornata \u00e8 sufficiente per goderselo.<\/p>\t\t\t\t\t\t\t\t<\/div>\n\t\t\t\t<\/div>\n\t\t\t\t<\/div>\n\t\t<div class=\"elementor-element elementor-element-3721ea0 e-con-full e-flex e-con e-parent\" data-id=\"3721ea0\" data-element_type=\"container\" data-e-type=\"container\">\n\t\t<div class=\"elementor-element elementor-element-241bc30 e-con-full e-flex e-con e-child\" data-id=\"241bc30\" data-element_type=\"container\" data-e-type=\"container\">\n\t\t\t\t<div class=\"elementor-element elementor-element-1161f22 elementor-widget elementor-widget-image\" data-id=\"1161f22\" data-element_type=\"widget\" data-e-type=\"widget\" data-widget_type=\"image.default\">\n\t\t\t\t\t\t\t\t\t\t\t\t\t\t\t<img loading=\"lazy\" decoding=\"async\" width=\"900\" height=\"500\" src=\"https:\/\/www.dainonni.it\/montecatini\/wp-content\/uploads\/2026\/05\/bb-dai-nonni-borgo-montecatini-val-di-cecina-toscana.jpg\" class=\"attachment-full size-full wp-image-179\" alt=\"\" srcset=\"https:\/\/www.dainonni.it\/montecatini\/wp-content\/uploads\/2026\/05\/bb-dai-nonni-borgo-montecatini-val-di-cecina-toscana.jpg 900w, https:\/\/www.dainonni.it\/montecatini\/wp-content\/uploads\/2026\/05\/bb-dai-nonni-borgo-montecatini-val-di-cecina-toscana-300x167.jpg 300w, https:\/\/www.dainonni.it\/montecatini\/wp-content\/uploads\/2026\/05\/bb-dai-nonni-borgo-montecatini-val-di-cecina-toscana-768x427.jpg 768w\" sizes=\"(max-width: 900px) 100vw, 900px\" \/>\t\t\t\t\t\t\t\t\t\t\t\t\t\t\t<\/div>\n\t\t\t\t<\/div>\n\t\t<div class=\"elementor-element elementor-element-893f130 e-con-full e-flex e-con e-child\" data-id=\"893f130\" data-element_type=\"container\" data-e-type=\"container\">\n\t\t\t\t<div class=\"elementor-element elementor-element-9a7cc9c elementor-widget elementor-widget-heading\" data-id=\"9a7cc9c\" data-element_type=\"widget\" data-e-type=\"widget\" data-widget_type=\"heading.default\">\n\t\t\t\t\t<h2 class=\"elementor-heading-title elementor-size-default\">\u2014 Lajatico \u2014 il borgo di Andrea Bocelli<\/h2>\t\t\t\t<\/div>\n\t\t\t\t<div class=\"elementor-element elementor-element-83eaecf elementor-widget elementor-widget-text-editor\" data-id=\"83eaecf\" data-element_type=\"widget\" data-e-type=\"widget\" data-widget_type=\"text-editor.default\">\n\t\t\t\t\t\t\t\t\t<p>A 20 km, Lajatico \u00e8 il paese natale di Andrea Bocelli. Fuori dalla stagione dei concerti \u00e8 quasi deserto: un borgo che si visita in un&#8217;ora, con la chiesa e la piazza dove il tenore \u00e8 cresciuto. Il Teatro del Silenzio si trova appena fuori paese: un anfiteatro naturale costruito nella campagna dove Bocelli si esibisce ogni estate. Anche senza concerto vale il viaggio per osservare il paesaggio.<\/p>\t\t\t\t\t\t\t\t<\/div>\n\t\t\t\t<\/div>\n\t\t\t\t<\/div>\n\t\t<div class=\"elementor-element elementor-element-6627e43 e-con-full e-flex e-con e-parent\" data-id=\"6627e43\" data-element_type=\"container\" data-e-type=\"container\">\n\t\t<div class=\"elementor-element elementor-element-99ce06a e-con-full e-flex e-con e-child\" data-id=\"99ce06a\" data-element_type=\"container\" data-e-type=\"container\">\n\t\t\t\t<div class=\"elementor-element elementor-element-0abe83b elementor-widget elementor-widget-image\" data-id=\"0abe83b\" data-element_type=\"widget\" data-e-type=\"widget\" data-widget_type=\"image.default\">\n\t\t\t\t\t\t\t\t\t\t\t\t\t\t\t<img loading=\"lazy\" decoding=\"async\" width=\"900\" height=\"500\" src=\"https:\/\/www.dainonni.it\/montecatini\/wp-content\/uploads\/2026\/05\/bb-dai-nonni-borgo-montecatini-val-di-cecina-toscana.jpg\" class=\"attachment-full size-full wp-image-179\" alt=\"\" srcset=\"https:\/\/www.dainonni.it\/montecatini\/wp-content\/uploads\/2026\/05\/bb-dai-nonni-borgo-montecatini-val-di-cecina-toscana.jpg 900w, https:\/\/www.dainonni.it\/montecatini\/wp-content\/uploads\/2026\/05\/bb-dai-nonni-borgo-montecatini-val-di-cecina-toscana-300x167.jpg 300w, https:\/\/www.dainonni.it\/montecatini\/wp-content\/uploads\/2026\/05\/bb-dai-nonni-borgo-montecatini-val-di-cecina-toscana-768x427.jpg 768w\" sizes=\"(max-width: 900px) 100vw, 900px\" \/>\t\t\t\t\t\t\t\t\t\t\t\t\t\t\t<\/div>\n\t\t\t\t<\/div>\n\t\t<div class=\"elementor-element elementor-element-58ed51d e-con-full e-flex e-con e-child\" data-id=\"58ed51d\" data-element_type=\"container\" data-e-type=\"container\">\n\t\t\t\t<div class=\"elementor-element elementor-element-db53106 elementor-widget elementor-widget-heading\" data-id=\"db53106\" data-element_type=\"widget\" data-e-type=\"widget\" data-widget_type=\"heading.default\">\n\t\t\t\t\t<h2 class=\"elementor-heading-title elementor-size-default\">\u2014 Guardistallo \u2014 il borgo panoramico<\/h2>\t\t\t\t<\/div>\n\t\t\t\t<div class=\"elementor-element elementor-element-91c7cd6 elementor-widget elementor-widget-text-editor\" data-id=\"91c7cd6\" data-element_type=\"widget\" data-e-type=\"widget\" data-widget_type=\"text-editor.default\">\n\t\t\t\t\t\t\t\t\t<p>A 20 km verso la costa, Guardistallo \u00e8 un piccolo comune panoramico che guarda contemporaneamente le colline metallifere e il mare. Nelle giornate limpide il colpo d&#8217;occhio \u00e8 uno dei migliori della zona. Non ha grandi attrazioni, ma \u00e8 esattamente per questo che vale fermarsi.<\/p>\t\t\t\t\t\t\t\t<\/div>\n\t\t\t\t<\/div>\n\t\t\t\t<\/div>\n\t\t<div class=\"elementor-element elementor-element-2405b44 e-con-full e-flex e-con e-parent\" data-id=\"2405b44\" data-element_type=\"container\" data-e-type=\"container\">\n\t\t<div class=\"elementor-element elementor-element-228c302 e-con-full e-flex e-con e-child\" data-id=\"228c302\" data-element_type=\"container\" data-e-type=\"container\">\n\t\t\t\t<div class=\"elementor-element elementor-element-4ade2a1 elementor-widget elementor-widget-image\" data-id=\"4ade2a1\" data-element_type=\"widget\" data-e-type=\"widget\" data-widget_type=\"image.default\">\n\t\t\t\t\t\t\t\t\t\t\t\t\t\t\t<img loading=\"lazy\" decoding=\"async\" width=\"900\" height=\"500\" src=\"https:\/\/www.dainonni.it\/montecatini\/wp-content\/uploads\/2026\/05\/bb-dai-nonni-borgo-montecatini-val-di-cecina-toscana.jpg\" class=\"attachment-full size-full wp-image-179\" alt=\"\" srcset=\"https:\/\/www.dainonni.it\/montecatini\/wp-content\/uploads\/2026\/05\/bb-dai-nonni-borgo-montecatini-val-di-cecina-toscana.jpg 900w, https:\/\/www.dainonni.it\/montecatini\/wp-content\/uploads\/2026\/05\/bb-dai-nonni-borgo-montecatini-val-di-cecina-toscana-300x167.jpg 300w, https:\/\/www.dainonni.it\/montecatini\/wp-content\/uploads\/2026\/05\/bb-dai-nonni-borgo-montecatini-val-di-cecina-toscana-768x427.jpg 768w\" sizes=\"(max-width: 900px) 100vw, 900px\" \/>\t\t\t\t\t\t\t\t\t\t\t\t\t\t\t<\/div>\n\t\t\t\t<\/div>\n\t\t<div class=\"elementor-element elementor-element-f3679b9 e-con-full e-flex e-con e-child\" data-id=\"f3679b9\" data-element_type=\"container\" data-e-type=\"container\">\n\t\t\t\t<div class=\"elementor-element elementor-element-5a104e5 elementor-widget elementor-widget-heading\" data-id=\"5a104e5\" data-element_type=\"widget\" data-e-type=\"widget\" data-widget_type=\"heading.default\">\n\t\t\t\t\t<h2 class=\"elementor-heading-title elementor-size-default\">\u2014 Casale Marittimo e Bibbona \u2014 verso la costa<\/h2>\t\t\t\t<\/div>\n\t\t\t\t<div class=\"elementor-element elementor-element-f66f9b1 elementor-widget elementor-widget-text-editor\" data-id=\"f66f9b1\" data-element_type=\"widget\" data-e-type=\"widget\" data-widget_type=\"text-editor.default\">\n\t\t\t\t\t\t\t\t\t<p>Scendendo verso il mare, Casale Marittimo e Bibbona sono due borghi collinari poco conosciuti, a met\u00e0 strada tra le Colline Metallifere e la Costa degli Etruschi. Perfetti per una sosta durante un day trip al mare.<\/p>\t\t\t\t\t\t\t\t<\/div>\n\t\t\t\t<\/div>\n\t\t\t\t<\/div>\n\t\t<div class=\"elementor-element elementor-element-362d271 e-con-full e-flex e-con e-parent\" data-id=\"362d271\" data-element_type=\"container\" data-e-type=\"container\">\n\t\t\t\t<div class=\"elementor-element elementor-element-f6801ac elementor-widget elementor-widget-spacer\" data-id=\"f6801ac\" data-element_type=\"widget\" data-e-type=\"widget\" data-widget_type=\"spacer.default\">\n\t\t\t\t\t\t\t<div class=\"elementor-spacer\">\n\t\t\t<div class=\"elementor-spacer-inner\"><\/div>\n\t\t<\/div>\n\t\t\t\t\t\t<\/div>\n\t\t\t\t<\/div>\n\t\t<div class=\"elementor-element elementor-element-f06ab7b e-con-full e-flex e-con e-parent\" data-id=\"f06ab7b\" data-element_type=\"container\" data-e-type=\"container\">\n\t\t\t\t<div class=\"elementor-element elementor-element-3616c93 elementor-widget elementor-widget-heading\" data-id=\"3616c93\" data-element_type=\"widget\" data-e-type=\"widget\" data-widget_type=\"heading.default\">\n\t\t\t\t\t<h1 class=\"elementor-heading-title elementor-size-default\">Trekking facili in Val di Cecina \u2014 passeggiate nella natura collinare<\/h1>\t\t\t\t<\/div>\n\t\t\t\t<div class=\"elementor-element elementor-element-8cc44be elementor-widget-divider--view-line elementor-widget elementor-widget-divider\" data-id=\"8cc44be\" data-element_type=\"widget\" data-e-type=\"widget\" data-widget_type=\"divider.default\">\n\t\t\t\t\t\t\t<div class=\"elementor-divider\">\n\t\t\t<span class=\"elementor-divider-separator\">\n\t\t\t\t\t\t<\/span>\n\t\t<\/div>\n\t\t\t\t\t\t<\/div>\n\t\t\t\t<div class=\"elementor-element elementor-element-4d8bfe1 elementor-widget elementor-widget-text-editor\" data-id=\"4d8bfe1\" data-element_type=\"widget\" data-e-type=\"widget\" data-widget_type=\"text-editor.default\">\n\t\t\t\t\t\t\t\t\t<p>La Val di Cecina \u00e8 percorsa da sentieri tra i meno conosciuti della Toscana, ma tra i pi\u00f9 belli. Le Colline Metallifere offrono paesaggi di macchia mediterranea, boschi di querce e castagni, panorami sulle colline e sulla costa. Non serve essere camminatori esperti: molti percorsi sono accessibili a famiglie con bambini e a chi \u00e8 abituato a camminare.<\/p>\t\t\t\t\t\t\t\t<\/div>\n\t\t\t\t<\/div>\n\t\t<div class=\"elementor-element elementor-element-d42452d e-con-full e-flex e-con e-parent\" data-id=\"d42452d\" data-element_type=\"container\" data-e-type=\"container\">\n\t\t<div class=\"elementor-element elementor-element-69610bc e-con-full e-flex e-con e-child\" data-id=\"69610bc\" data-element_type=\"container\" data-e-type=\"container\">\n\t\t\t\t<div class=\"elementor-element elementor-element-085b14d elementor-widget elementor-widget-image\" data-id=\"085b14d\" data-element_type=\"widget\" data-e-type=\"widget\" data-widget_type=\"image.default\">\n\t\t\t\t\t\t\t\t\t\t\t\t\t\t\t<img loading=\"lazy\" decoding=\"async\" width=\"900\" height=\"500\" src=\"https:\/\/www.dainonni.it\/montecatini\/wp-content\/uploads\/2026\/05\/bb-dai-nonni-montecatini-val-di-cecina-trekking.jpg\" class=\"attachment-full size-full wp-image-326\" alt=\"\" srcset=\"https:\/\/www.dainonni.it\/montecatini\/wp-content\/uploads\/2026\/05\/bb-dai-nonni-montecatini-val-di-cecina-trekking.jpg 900w, https:\/\/www.dainonni.it\/montecatini\/wp-content\/uploads\/2026\/05\/bb-dai-nonni-montecatini-val-di-cecina-trekking-300x167.jpg 300w, https:\/\/www.dainonni.it\/montecatini\/wp-content\/uploads\/2026\/05\/bb-dai-nonni-montecatini-val-di-cecina-trekking-768x427.jpg 768w\" sizes=\"(max-width: 900px) 100vw, 900px\" \/>\t\t\t\t\t\t\t\t\t\t\t\t\t\t\t<\/div>\n\t\t\t\t<\/div>\n\t\t<div class=\"elementor-element elementor-element-684e268 e-con-full e-flex e-con e-child\" data-id=\"684e268\" data-element_type=\"container\" data-e-type=\"container\">\n\t\t\t\t<div class=\"elementor-element elementor-element-0e211f6 elementor-widget elementor-widget-heading\" data-id=\"0e211f6\" data-element_type=\"widget\" data-e-type=\"widget\" data-widget_type=\"heading.default\">\n\t\t\t\t\t<h2 class=\"elementor-heading-title elementor-size-default\">\u2014 Sentieri della Riserva Naturale Monterufoli-Caselli<\/h2>\t\t\t\t<\/div>\n\t\t\t\t<div class=\"elementor-element elementor-element-56457ae elementor-widget elementor-widget-text-editor\" data-id=\"56457ae\" data-element_type=\"widget\" data-e-type=\"widget\" data-widget_type=\"text-editor.default\">\n\t\t\t\t\t\t\t\t\t<p>A 10-15 km dal borgo, la Riserva Naturale Monterufoli-Caselli \u00e8 una delle aree protette meno frequentate della Toscana. Boschi di cerro e leccio, torrenti, fauna selvatica: cinghiali, caprioli, mufloni, rapaci. Accesso gratuito, sentieri segnalati, escursioni guidate disponibili su prenotazione.<\/p>\t\t\t\t\t\t\t\t<\/div>\n\t\t\t\t<\/div>\n\t\t\t\t<\/div>\n\t\t<div class=\"elementor-element elementor-element-a5ec1ce e-con-full e-flex e-con e-parent\" data-id=\"a5ec1ce\" data-element_type=\"container\" data-e-type=\"container\">\n\t\t<div class=\"elementor-element elementor-element-8909fc8 e-con-full e-flex e-con e-child\" data-id=\"8909fc8\" data-element_type=\"container\" data-e-type=\"container\">\n\t\t\t\t<div class=\"elementor-element elementor-element-7b9af6b elementor-widget elementor-widget-image\" data-id=\"7b9af6b\" data-element_type=\"widget\" data-e-type=\"widget\" data-widget_type=\"image.default\">\n\t\t\t\t\t\t\t\t\t\t\t\t\t\t\t<img loading=\"lazy\" decoding=\"async\" width=\"900\" height=\"500\" src=\"https:\/\/www.dainonni.it\/montecatini\/wp-content\/uploads\/2026\/05\/bb-dai-nonni-montecatini-val-di-cecina-colline-metallifere.jpg\" class=\"attachment-full size-full wp-image-327\" alt=\"\" srcset=\"https:\/\/www.dainonni.it\/montecatini\/wp-content\/uploads\/2026\/05\/bb-dai-nonni-montecatini-val-di-cecina-colline-metallifere.jpg 900w, https:\/\/www.dainonni.it\/montecatini\/wp-content\/uploads\/2026\/05\/bb-dai-nonni-montecatini-val-di-cecina-colline-metallifere-300x167.jpg 300w, https:\/\/www.dainonni.it\/montecatini\/wp-content\/uploads\/2026\/05\/bb-dai-nonni-montecatini-val-di-cecina-colline-metallifere-768x427.jpg 768w\" sizes=\"(max-width: 900px) 100vw, 900px\" \/>\t\t\t\t\t\t\t\t\t\t\t\t\t\t\t<\/div>\n\t\t\t\t<\/div>\n\t\t<div class=\"elementor-element elementor-element-4917af6 e-con-full e-flex e-con e-child\" data-id=\"4917af6\" data-element_type=\"container\" data-e-type=\"container\">\n\t\t\t\t<div class=\"elementor-element elementor-element-f807c7a elementor-widget elementor-widget-heading\" data-id=\"f807c7a\" data-element_type=\"widget\" data-e-type=\"widget\" data-widget_type=\"heading.default\">\n\t\t\t\t\t<h2 class=\"elementor-heading-title elementor-size-default\">\u2014 Colline Metallifere \u2014 passeggiate in natura<\/h2>\t\t\t\t<\/div>\n\t\t\t\t<div class=\"elementor-element elementor-element-6d15cb8 elementor-widget elementor-widget-text-editor\" data-id=\"6d15cb8\" data-element_type=\"widget\" data-e-type=\"widget\" data-widget_type=\"text-editor.default\">\n\t\t\t\t\t\t\t\t\t<p>Il territorio intorno a Montecatini Val di Cecina fa parte delle Colline Metallifere, un&#8217;area di grande interesse naturalistico e geologico. Le strade bianche tra boschi e vigne sono ideali per passeggiate a piedi o in bicicletta \u2014 e in primavera e autunno il paesaggio della Toscana interna \u00e8 spettacolare.<\/p>\t\t\t\t\t\t\t\t<\/div>\n\t\t\t\t<\/div>\n\t\t\t\t<\/div>\n\t\t<div class=\"elementor-element elementor-element-9f0829e e-con-full e-flex e-con e-parent\" data-id=\"9f0829e\" data-element_type=\"container\" data-e-type=\"container\">\n\t\t<div class=\"elementor-element elementor-element-e26fa92 e-con-full e-flex e-con e-child\" data-id=\"e26fa92\" data-element_type=\"container\" data-e-type=\"container\">\n\t\t\t\t<div class=\"elementor-element elementor-element-b6d5e51 elementor-widget elementor-widget-image\" data-id=\"b6d5e51\" data-element_type=\"widget\" data-e-type=\"widget\" data-widget_type=\"image.default\">\n\t\t\t\t\t\t\t\t\t\t\t\t\t\t\t<img loading=\"lazy\" decoding=\"async\" width=\"900\" height=\"500\" src=\"https:\/\/www.dainonni.it\/montecatini\/wp-content\/uploads\/2026\/05\/bb-dai-nonni-montecatini-val-di-cecina-cicloturismo-ebike.jpg\" class=\"attachment-full size-full wp-image-328\" alt=\"\" srcset=\"https:\/\/www.dainonni.it\/montecatini\/wp-content\/uploads\/2026\/05\/bb-dai-nonni-montecatini-val-di-cecina-cicloturismo-ebike.jpg 900w, https:\/\/www.dainonni.it\/montecatini\/wp-content\/uploads\/2026\/05\/bb-dai-nonni-montecatini-val-di-cecina-cicloturismo-ebike-300x167.jpg 300w, https:\/\/www.dainonni.it\/montecatini\/wp-content\/uploads\/2026\/05\/bb-dai-nonni-montecatini-val-di-cecina-cicloturismo-ebike-768x427.jpg 768w\" sizes=\"(max-width: 900px) 100vw, 900px\" \/>\t\t\t\t\t\t\t\t\t\t\t\t\t\t\t<\/div>\n\t\t\t\t<\/div>\n\t\t<div class=\"elementor-element elementor-element-76c115c e-con-full e-flex e-con e-child\" data-id=\"76c115c\" data-element_type=\"container\" data-e-type=\"container\">\n\t\t\t\t<div class=\"elementor-element elementor-element-3901171 elementor-widget elementor-widget-heading\" data-id=\"3901171\" data-element_type=\"widget\" data-e-type=\"widget\" data-widget_type=\"heading.default\">\n\t\t\t\t\t<h2 class=\"elementor-heading-title elementor-size-default\">\u2014 Cicloturismo ed e-bike \u2014 pedala tra borghi e miniere<\/h2>\t\t\t\t<\/div>\n\t\t\t\t<div class=\"elementor-element elementor-element-78b0a59 elementor-widget elementor-widget-text-editor\" data-id=\"78b0a59\" data-element_type=\"widget\" data-e-type=\"widget\" data-widget_type=\"text-editor.default\">\n\t\t\t\t\t\t\t\t\t<p>Per gli amanti della bicicletta, il territorio offre percorsi su strade bianche e asfalto leggero tra Montecatini, le miniere, Volterra e il territorio del vino di Montescudaio. Le e-bike sono lo strumento perfetto per godersi le colline senza faticare in salita.<\/p>\t\t\t\t\t\t\t\t<\/div>\n\t\t\t\t<\/div>\n\t\t\t\t<\/div>\n\t\t<div class=\"elementor-element elementor-element-23c80a0 e-con-full e-flex e-con e-parent\" data-id=\"23c80a0\" data-element_type=\"container\" data-e-type=\"container\">\n\t\t<div class=\"elementor-element elementor-element-8491b2c e-con-full e-flex e-con e-child\" data-id=\"8491b2c\" data-element_type=\"container\" data-e-type=\"container\">\n\t\t\t\t<div class=\"elementor-element elementor-element-e8df56e elementor-widget elementor-widget-image\" data-id=\"e8df56e\" data-element_type=\"widget\" data-e-type=\"widget\" data-widget_type=\"image.default\">\n\t\t\t\t\t\t\t\t\t\t\t\t\t\t\t<img loading=\"lazy\" decoding=\"async\" width=\"900\" height=\"500\" src=\"https:\/\/www.dainonni.it\/montecatini\/wp-content\/uploads\/2026\/05\/bb-dai-nonni-montecatini-val-di-cecina-larderello.jpg\" class=\"attachment-full size-full wp-image-329\" alt=\"\" srcset=\"https:\/\/www.dainonni.it\/montecatini\/wp-content\/uploads\/2026\/05\/bb-dai-nonni-montecatini-val-di-cecina-larderello.jpg 900w, https:\/\/www.dainonni.it\/montecatini\/wp-content\/uploads\/2026\/05\/bb-dai-nonni-montecatini-val-di-cecina-larderello-300x167.jpg 300w, https:\/\/www.dainonni.it\/montecatini\/wp-content\/uploads\/2026\/05\/bb-dai-nonni-montecatini-val-di-cecina-larderello-768x427.jpg 768w\" sizes=\"(max-width: 900px) 100vw, 900px\" \/>\t\t\t\t\t\t\t\t\t\t\t\t\t\t\t<\/div>\n\t\t\t\t<\/div>\n\t\t<div class=\"elementor-element elementor-element-9324dea e-con-full e-flex e-con e-child\" data-id=\"9324dea\" data-element_type=\"container\" data-e-type=\"container\">\n\t\t\t\t<div class=\"elementor-element elementor-element-f7d7a39 elementor-widget elementor-widget-heading\" data-id=\"f7d7a39\" data-element_type=\"widget\" data-e-type=\"widget\" data-widget_type=\"heading.default\">\n\t\t\t\t\t<h2 class=\"elementor-heading-title elementor-size-default\">\u2014 Larderello e la Valle del Diavolo \u2014 geotermia a 18 km<\/h2>\t\t\t\t<\/div>\n\t\t\t\t<div class=\"elementor-element elementor-element-6034a00 elementor-widget elementor-widget-text-editor\" data-id=\"6034a00\" data-element_type=\"widget\" data-e-type=\"widget\" data-widget_type=\"text-editor.default\">\n\t\t\t\t\t\t\t\t\t<p>A 18 km da Montecatini Val di Cecina si apre un paesaggio che non esiste da nessun&#8217;altra parte in Europa: la Valle del Diavolo, dove la terra respira. Larderello \u00e8 il cuore della geotermia mondiale \u2014 l&#8217;energia estratta dal sottosuolo che alimenta migliaia di famiglie italiane da oltre un secolo.<\/p>\t\t\t\t\t\t\t\t<\/div>\n\t\t\t\t<\/div>\n\t\t\t\t<\/div>\n\t\t<div class=\"elementor-element elementor-element-86375a4 e-con-full e-flex e-con e-parent\" data-id=\"86375a4\" data-element_type=\"container\" data-e-type=\"container\">\n\t\t\t\t<div class=\"elementor-element elementor-element-463b969 elementor-widget elementor-widget-spacer\" data-id=\"463b969\" data-element_type=\"widget\" data-e-type=\"widget\" data-widget_type=\"spacer.default\">\n\t\t\t\t\t\t\t<div class=\"elementor-spacer\">\n\t\t\t<div class=\"elementor-spacer-inner\"><\/div>\n\t\t<\/div>\n\t\t\t\t\t\t<\/div>\n\t\t\t\t<\/div>\n\t\t<div class=\"elementor-element elementor-element-2b5c36d e-con-full e-flex e-con e-parent\" data-id=\"2b5c36d\" data-element_type=\"container\" data-e-type=\"container\">\n\t\t\t\t<div class=\"elementor-element elementor-element-df71bdc elementor-widget elementor-widget-heading\" data-id=\"df71bdc\" data-element_type=\"widget\" data-e-type=\"widget\" data-widget_type=\"heading.default\">\n\t\t\t\t\t<h1 class=\"elementor-heading-title elementor-size-default\">Enogastronomia<\/h1>\t\t\t\t<\/div>\n\t\t\t\t<div class=\"elementor-element elementor-element-932fbbb elementor-widget-divider--view-line elementor-widget elementor-widget-divider\" data-id=\"932fbbb\" data-element_type=\"widget\" data-e-type=\"widget\" data-widget_type=\"divider.default\">\n\t\t\t\t\t\t\t<div class=\"elementor-divider\">\n\t\t\t<span class=\"elementor-divider-separator\">\n\t\t\t\t\t\t<\/span>\n\t\t<\/div>\n\t\t\t\t\t\t<\/div>\n\t\t\t\t<\/div>\n\t\t<div class=\"elementor-element elementor-element-e266491 e-con-full e-flex e-con e-parent\" data-id=\"e266491\" data-element_type=\"container\" data-e-type=\"container\">\n\t\t<div class=\"elementor-element elementor-element-411d841 e-con-full e-flex e-con e-child\" data-id=\"411d841\" data-element_type=\"container\" data-e-type=\"container\">\n\t\t\t\t<div class=\"elementor-element elementor-element-64bdd7f elementor-widget elementor-widget-image\" data-id=\"64bdd7f\" data-element_type=\"widget\" data-e-type=\"widget\" data-widget_type=\"image.default\">\n\t\t\t\t\t\t\t\t\t\t\t\t\t\t\t<img loading=\"lazy\" decoding=\"async\" width=\"900\" height=\"500\" src=\"https:\/\/www.dainonni.it\/montecatini\/wp-content\/uploads\/2026\/05\/bb-dai-nonni-montecatini-val-di-cecina-vino-montescudaio.jpg\" class=\"attachment-full size-full wp-image-330\" alt=\"\" srcset=\"https:\/\/www.dainonni.it\/montecatini\/wp-content\/uploads\/2026\/05\/bb-dai-nonni-montecatini-val-di-cecina-vino-montescudaio.jpg 900w, https:\/\/www.dainonni.it\/montecatini\/wp-content\/uploads\/2026\/05\/bb-dai-nonni-montecatini-val-di-cecina-vino-montescudaio-300x167.jpg 300w, https:\/\/www.dainonni.it\/montecatini\/wp-content\/uploads\/2026\/05\/bb-dai-nonni-montecatini-val-di-cecina-vino-montescudaio-768x427.jpg 768w\" sizes=\"(max-width: 900px) 100vw, 900px\" \/>\t\t\t\t\t\t\t\t\t\t\t\t\t\t\t<\/div>\n\t\t\t\t<\/div>\n\t\t<div class=\"elementor-element elementor-element-c9d5892 e-con-full e-flex e-con e-child\" data-id=\"c9d5892\" data-element_type=\"container\" data-e-type=\"container\">\n\t\t\t\t<div class=\"elementor-element elementor-element-f9f56d9 elementor-widget elementor-widget-heading\" data-id=\"f9f56d9\" data-element_type=\"widget\" data-e-type=\"widget\" data-widget_type=\"heading.default\">\n\t\t\t\t\t<h2 class=\"elementor-heading-title elementor-size-default\"> \u2014 I sapori del territorio<\/h2>\t\t\t\t<\/div>\n\t\t\t\t<div class=\"elementor-element elementor-element-30e80d0 elementor-widget elementor-widget-text-editor\" data-id=\"30e80d0\" data-element_type=\"widget\" data-e-type=\"widget\" data-widget_type=\"text-editor.default\">\n\t\t\t\t\t\t\t\t\t<p>La Val di Cecina ha un&#8217;identit\u00e0 gastronomica precisa grazie al formaggio che la rappresenta, il Pecorino Balze Volterrane DOP, prodotto con caglio vegetale di cardo selvatico secondo una tecnica di origine etrusca. Lo trovate in alcune botteghe di Volterra e nei mercati locali. <br \/>Il vino del territorio \u00e8 il Montescudaio DOC \u2014 denominazione poco conosciuta anche in Italia, bianco e rosso da uve Vermentino e Sangiovese: troverete il rosso in tavola a \u201cLa Terrazza sul Borgo\u201d. E poi c&#8217;\u00e8 il cinghiale, il selvatico che domina la cucina di questa zona da secoli: rag\u00f9, pappardelle, arrosto. La ricetta pi\u00f9 autentica in zona \u00e8 quella di Licia, a due minuti da voi.<\/p>\t\t\t\t\t\t\t\t<\/div>\n\t\t\t\t<\/div>\n\t\t\t\t<\/div>\n\t\t<div class=\"elementor-element elementor-element-2e847a0 e-con-full e-flex e-con e-parent\" data-id=\"2e847a0\" data-element_type=\"container\" data-e-type=\"container\">\n\t\t\t\t<div class=\"elementor-element elementor-element-aaa04fa elementor-widget elementor-widget-heading\" data-id=\"aaa04fa\" data-element_type=\"widget\" data-e-type=\"widget\" data-widget_type=\"heading.default\">\n\t\t\t\t\t<h1 class=\"elementor-heading-title elementor-size-default\">Costa degli Etruschi <\/h1>\t\t\t\t<\/div>\n\t\t\t\t<div class=\"elementor-element elementor-element-3053b38 elementor-widget-divider--view-line elementor-widget elementor-widget-divider\" data-id=\"3053b38\" data-element_type=\"widget\" data-e-type=\"widget\" data-widget_type=\"divider.default\">\n\t\t\t\t\t\t\t<div class=\"elementor-divider\">\n\t\t\t<span class=\"elementor-divider-separator\">\n\t\t\t\t\t\t<\/span>\n\t\t<\/div>\n\t\t\t\t\t\t<\/div>\n\t\t\t\t<\/div>\n\t\t<div class=\"elementor-element elementor-element-7d57ce7 e-con-full e-flex e-con e-parent\" data-id=\"7d57ce7\" data-element_type=\"container\" data-e-type=\"container\">\n\t\t<div class=\"elementor-element elementor-element-5f9d1b7 e-con-full e-flex e-con e-child\" data-id=\"5f9d1b7\" data-element_type=\"container\" data-e-type=\"container\">\n\t\t\t\t<div class=\"elementor-element elementor-element-05c2ba8 elementor-widget elementor-widget-image\" data-id=\"05c2ba8\" data-element_type=\"widget\" data-e-type=\"widget\" data-widget_type=\"image.default\">\n\t\t\t\t\t\t\t\t\t\t\t\t\t\t\t<img loading=\"lazy\" decoding=\"async\" width=\"900\" height=\"500\" src=\"https:\/\/www.dainonni.it\/montecatini\/wp-content\/uploads\/2026\/05\/bb-dai-nonni-montecatini-val-di-cecina-mare.jpg\" class=\"attachment-full size-full wp-image-334\" alt=\"\" srcset=\"https:\/\/www.dainonni.it\/montecatini\/wp-content\/uploads\/2026\/05\/bb-dai-nonni-montecatini-val-di-cecina-mare.jpg 900w, https:\/\/www.dainonni.it\/montecatini\/wp-content\/uploads\/2026\/05\/bb-dai-nonni-montecatini-val-di-cecina-mare-300x167.jpg 300w, https:\/\/www.dainonni.it\/montecatini\/wp-content\/uploads\/2026\/05\/bb-dai-nonni-montecatini-val-di-cecina-mare-768x427.jpg 768w\" sizes=\"(max-width: 900px) 100vw, 900px\" \/>\t\t\t\t\t\t\t\t\t\t\t\t\t\t\t<\/div>\n\t\t\t\t<\/div>\n\t\t<div class=\"elementor-element elementor-element-c03017a e-con-full e-flex e-con e-child\" data-id=\"c03017a\" data-element_type=\"container\" data-e-type=\"container\">\n\t\t\t\t<div class=\"elementor-element elementor-element-0bea6a5 elementor-widget elementor-widget-heading\" data-id=\"0bea6a5\" data-element_type=\"widget\" data-e-type=\"widget\" data-widget_type=\"heading.default\">\n\t\t\t\t\t<h2 class=\"elementor-heading-title elementor-size-default\">\u2014 Spiagge meno affollate<\/h2>\t\t\t\t<\/div>\n\t\t\t\t<div class=\"elementor-element elementor-element-7ccdfd9 elementor-widget elementor-widget-text-editor\" data-id=\"7ccdfd9\" data-element_type=\"widget\" data-e-type=\"widget\" data-widget_type=\"text-editor.default\">\n\t\t\t\t\t\t\t\t\t<p>Spesso i nostri ospiti non sanno che il mare \u00e8 a meno di 30 minuti. La Costa degli Etruschi \u2014 da Cecina a Piombino \u2014 \u00e8 una delle coste pi\u00f9 belle e meno inflazionate della Toscana. Non \u00e8 la Versilia, non \u00e8 la Maremma: \u00e8 una costa a misura d&#8217;uomo, con spiagge libere, pinete e borghi collinari affacciati sul Tirreno.<\/p>\t\t\t\t\t\t\t\t<\/div>\n\t\t\t\t<\/div>\n\t\t\t\t<\/div>\n\t\t<div class=\"elementor-element elementor-element-5ca93f5 e-con-full e-flex e-con e-parent\" data-id=\"5ca93f5\" data-element_type=\"container\" data-e-type=\"container\">\n\t\t\t\t<div class=\"elementor-element elementor-element-5d0e5e7 elementor-widget elementor-widget-spacer\" data-id=\"5d0e5e7\" data-element_type=\"widget\" data-e-type=\"widget\" data-widget_type=\"spacer.default\">\n\t\t\t\t\t\t\t<div class=\"elementor-spacer\">\n\t\t\t<div class=\"elementor-spacer-inner\"><\/div>\n\t\t<\/div>\n\t\t\t\t\t\t<\/div>\n\t\t\t\t<\/div>\n\t\t<div class=\"elementor-element elementor-element-5726f7b e-con-full e-flex e-con e-parent\" data-id=\"5726f7b\" data-element_type=\"container\" data-e-type=\"container\" data-settings=\"{&quot;background_background&quot;:&quot;classic&quot;}\">\n\t\t\t\t<div class=\"elementor-element elementor-element-26cbd88 elementor-widget elementor-widget-heading\" data-id=\"26cbd88\" data-element_type=\"widget\" data-e-type=\"widget\" data-widget_type=\"heading.default\">\n\t\t\t\t\t<h2 class=\"elementor-heading-title elementor-size-default\">Nel cuore del borgo medievale, il tuo angolo di Toscana.<\/h2>\t\t\t\t<\/div>\n\t\t\t\t<div class=\"elementor-element elementor-element-ec22b5f elementor-widget elementor-widget-heading\" data-id=\"ec22b5f\" data-element_type=\"widget\" data-e-type=\"widget\" data-widget_type=\"heading.default\">\n\t\t\t\t\t<h2 class=\"elementor-heading-title elementor-size-default\">Risparmia le commissioni delle piattaforme, scegli le date<\/h2>\t\t\t\t<\/div>\n\t\t\t\t<div class=\"elementor-element elementor-element-d5de1b6 elementor-align-center elementor-widget elementor-widget-button\" data-id=\"d5de1b6\" data-element_type=\"widget\" data-e-type=\"widget\" data-widget_type=\"button.default\">\n\t\t\t\t\t\t\t\t\t\t<a class=\"elementor-button elementor-button-link elementor-size-sm\" href=\"https:\/\/www.dainonni.it\/montecatini\/prenotazione\/\">\n\t\t\t\t\t\t<span class=\"elementor-button-content-wrapper\">\n\t\t\t\t\t\t\t\t\t<span class=\"elementor-button-text\">Prenota il tuo soggiorno<\/span>\n\t\t\t\t\t<\/span>\n\t\t\t\t\t<\/a>\n\t\t\t\t\t\t\t\t<\/div>\n\t\t\t\t<\/div>\n\t\t<div class=\"elementor-element elementor-element-ad4c84e e-flex e-con-boxed e-con e-parent\" data-id=\"ad4c84e\" data-element_type=\"container\" data-e-type=\"container\">\n\t\t\t\t\t<div class=\"e-con-inner\">\n\t\t\t\t<div class=\"elementor-element elementor-element-4575f49 elementor-widget elementor-widget-spacer\" data-id=\"4575f49\" data-element_type=\"widget\" data-e-type=\"widget\" data-widget_type=\"spacer.default\">\n\t\t\t\t\t\t\t<div class=\"elementor-spacer\">\n\t\t\t<div class=\"elementor-spacer-inner\"><\/div>\n\t\t<\/div>\n\t\t\t\t\t\t<\/div>\n\t\t\t\t\t<\/div>\n\t\t\t\t<\/div>\n\t\t\t\t<\/div>\n\t\t","protected":false},"excerpt":{"rendered":"<p>Cosa vedere vicino a Montecatini Val di Cecina \u2014 panoramica In meno di 30 minuti di auto avete accesso a un territorio che molti viaggiatori non riescono a vedere in una settimana di Toscana classica. Ecco una panoramica delle principali destinazioni Montecatini Val di Cecina \u2014 il borgo e i suoi segreti Prima di partire&hellip;&nbsp;<a href=\"https:\/\/www.dainonni.it\/montecatini\/dintorni-e-territorio\/\" rel=\"bookmark\"><span class=\"screen-reader-text\">Dintorni e Territorio<\/span><\/a><\/p>\n","protected":false},"author":2,"featured_media":0,"parent":0,"menu_order":0,"comment_status":"closed","ping_status":"closed","template":"page-templates\/template-pagebuilder-full-width.php","meta":{"neve_meta_sidebar":"","neve_meta_container":"","neve_meta_enable_content_width":"off","neve_meta_content_width":100,"neve_meta_title_alignment":"","neve_meta_author_avatar":"","neve_post_elements_order":"","neve_meta_disable_header":"","neve_meta_disable_footer":"","neve_meta_disable_title":"","neve_meta_reading_time":"","footnotes":""},"class_list":["post-286","page","type-page","status-publish","hentry"],"_links":{"self":[{"href":"https:\/\/www.dainonni.it\/montecatini\/wp-json\/wp\/v2\/pages\/286","targetHints":{"allow":["GET"]}}],"collection":[{"href":"https:\/\/www.dainonni.it\/montecatini\/wp-json\/wp\/v2\/pages"}],"about":[{"href":"https:\/\/www.dainonni.it\/montecatini\/wp-json\/wp\/v2\/types\/page"}],"author":[{"embeddable":true,"href":"https:\/\/www.dainonni.it\/montecatini\/wp-json\/wp\/v2\/users\/2"}],"replies":[{"embeddable":true,"href":"https:\/\/www.dainonni.it\/montecatini\/wp-json\/wp\/v2\/comments?post=286"}],"version-history":[{"count":54,"href":"https:\/\/www.dainonni.it\/montecatini\/wp-json\/wp\/v2\/pages\/286\/revisions"}],"predecessor-version":[{"id":924,"href":"https:\/\/www.dainonni.it\/montecatini\/wp-json\/wp\/v2\/pages\/286\/revisions\/924"}],"wp:attachment":[{"href":"https:\/\/www.dainonni.it\/montecatini\/wp-json\/wp\/v2\/media?parent=286"}],"curies":[{"name":"wp","href":"https:\/\/api.w.org\/{rel}","templated":true}]}}